{"id":529,"date":"2022-05-10T16:59:32","date_gmt":"2022-05-10T14:59:32","guid":{"rendered":"https:\/\/www.borg-gastein.salzburg.at\/plo\/?page_id=529"},"modified":"2022-07-05T14:36:57","modified_gmt":"2022-07-05T12:36:57","slug":"erfolge","status":"publish","type":"page","link":"https:\/\/www.borg-gastein.salzburg.at\/plo\/erfolge\/","title":{"rendered":"Erfolge"},"content":{"rendered":"\n<h2 class=\"wp-block-heading\">2022<\/h2>\n\n\n\n<h3 class=\"wp-block-heading\">April 2022 <\/h3>\n\n\n\n<p><img loading=\"lazy\" decoding=\"async\" src=\"https:\/\/static.xx.fbcdn.net\/images\/emoji.php\/v9\/t77\/1\/16\/203c.png\" alt=\"\u203c\ufe0f\" width=\"16\" height=\"16\">Herzliche Gratulation unseren T\u00e4nzerInnen! <img loading=\"lazy\" decoding=\"async\" src=\"https:\/\/static.xx.fbcdn.net\/images\/emoji.php\/v9\/t2\/1\/16\/1f483_1f3fb.png\" alt=\"\ud83d\udc83\ud83c\udffb\" width=\"16\" height=\"16\"><img loading=\"lazy\" decoding=\"async\" src=\"https:\/\/static.xx.fbcdn.net\/images\/emoji.php\/v9\/t2\/1\/16\/1f483_1f3fb.png\" alt=\"\ud83d\udc83\ud83c\udffb\" width=\"16\" height=\"16\"><img loading=\"lazy\" decoding=\"async\" src=\"https:\/\/static.xx.fbcdn.net\/images\/emoji.php\/v9\/t2\/1\/16\/1f483_1f3fb.png\" alt=\"\ud83d\udc83\ud83c\udffb\" width=\"16\" height=\"16\"><img loading=\"lazy\" decoding=\"async\" src=\"https:\/\/static.xx.fbcdn.net\/images\/emoji.php\/v9\/t2\/1\/16\/1f483_1f3fb.png\" alt=\"\ud83d\udc83\ud83c\udffb\" width=\"16\" height=\"16\">Mit insgesamt 9 (!) Nummern haben sie sich in Zell am See f\u00fcr die Weltmeisterschaft im Mai qualifiziert! Braaaavooooo!!!<img loading=\"lazy\" decoding=\"async\" src=\"https:\/\/static.xx.fbcdn.net\/images\/emoji.php\/v9\/tf9\/1\/16\/1f44f_1f3fb.png\" alt=\"\ud83d\udc4f\ud83c\udffb\" width=\"16\" height=\"16\"><\/p>\n\n\n\n<figure class=\"wp-block-image size-medium\"><img loading=\"lazy\" decoding=\"async\" width=\"300\" height=\"200\" src=\"https:\/\/www.borg-gastein.salzburg.at\/plo\/wp-content\/uploads\/2022\/05\/279182013_482276203689633_114070371275035303_n-300x200.jpg\" alt=\"\" class=\"wp-image-573\" srcset=\"https:\/\/www.borg-gastein.salzburg.at\/plo\/wp-content\/uploads\/2022\/05\/279182013_482276203689633_114070371275035303_n-300x200.jpg 300w, https:\/\/www.borg-gastein.salzburg.at\/plo\/wp-content\/uploads\/2022\/05\/279182013_482276203689633_114070371275035303_n-768x512.jpg 768w, https:\/\/www.borg-gastein.salzburg.at\/plo\/wp-content\/uploads\/2022\/05\/279182013_482276203689633_114070371275035303_n.jpg 960w\" sizes=\"auto, (max-width: 300px) 100vw, 300px\" \/><\/figure>\n\n\n\n<p>___________________________________________________________________________________________________<\/p>\n\n\n\n<h3 class=\"wp-block-heading\">April 2022 <\/h3>\n\n\n\n<p>POP VOICES 2022: Salzburgs Schulen rocken die B\u00fchne der ARGEkultur! Jeder Beitrag wird ein Hit. F\u00fcr gute Laune ist gesorgt. <img loading=\"lazy\" decoding=\"async\" width=\"16\" height=\"16\" src=\"https:\/\/static.xx.fbcdn.net\/images\/emoji.php\/v9\/t7e\/1\/16\/1f3a4.png\" alt=\"\ud83c\udfa4\"><img loading=\"lazy\" decoding=\"async\" width=\"16\" height=\"16\" src=\"https:\/\/static.xx.fbcdn.net\/images\/emoji.php\/v9\/tcc\/1\/16\/1f3bc.png\" alt=\"\ud83c\udfbc\"><img loading=\"lazy\" decoding=\"async\" width=\"16\" height=\"16\" src=\"https:\/\/static.xx.fbcdn.net\/images\/emoji.php\/v9\/t21\/1\/16\/1f3b8.png\" alt=\"\ud83c\udfb8\"><img loading=\"lazy\" decoding=\"async\" width=\"16\" height=\"16\" src=\"https:\/\/static.xx.fbcdn.net\/images\/emoji.php\/v9\/ta2\/1\/16\/1f3b9.png\" alt=\"\ud83c\udfb9\">Ort: ARGEkultur, Salzburg<\/p>\n\n\n\n<p>__________________________________________________________________________________________________<\/p>\n\n\n\n<h3 class=\"wp-block-heading\">April 2022<\/h3>\n\n\n\n<p>Wow!<img loading=\"lazy\" decoding=\"async\" width=\"16\" height=\"16\" src=\"https:\/\/static.xx.fbcdn.net\/images\/emoji.php\/v9\/t58\/1\/16\/1f929.png\" alt=\"\ud83e\udd29\"> Unsere ehemalige Sch\u00fclerin <a href=\"https:\/\/www.facebook.com\/esthergrafofficial\/?__cft__[0]=AZWdpeYEnN-EaHXXQ0Zej5cu3_KJCocAiNNRZGNGB4fbqtdId62subvdQj8JwZmW1icLfJ1EPHhb75vV3MNRuIvhzVMPN1-3g2sId9fy_OOktjTZFuW1C6tfhpTy3tB62mvCg5tQs5WO8dGVDexgm4tjr_ck6o3Wr3TKoGHWRdPWKg&amp;__tn__=kK-R\">Esther Graf<\/a> auf Erfolgskurs! Mit ihrer eigenen Musik bei <a href=\"https:\/\/www.facebook.com\/sonymusic\/?__cft__[0]=AZWdpeYEnN-EaHXXQ0Zej5cu3_KJCocAiNNRZGNGB4fbqtdId62subvdQj8JwZmW1icLfJ1EPHhb75vV3MNRuIvhzVMPN1-3g2sId9fy_OOktjTZFuW1C6tfhpTy3tB62mvCg5tQs5WO8dGVDexgm4tjr_ck6o3Wr3TKoGHWRdPWKg&amp;__tn__=kK-R\">Sony Music Entertainment<\/a> unter Vertrag &#8211; und mit ihrem neuen Song auf riesigen Plakaten in Berlin!<img loading=\"lazy\" decoding=\"async\" width=\"16\" height=\"16\" src=\"https:\/\/static.xx.fbcdn.net\/images\/emoji.php\/v9\/t2\/1\/16\/1f483_1f3fb.png\" alt=\"\ud83d\udc83\ud83c\udffb\">Wir freuen uns seeeeeehr mit dir und schicken ganz, ganz viel Support f\u00fcr deinen weiteren musikalischen Lebensweg aus der \u201ealten Heimat\u201c!<\/p>\n\n\n\n<figure class=\"wp-block-image size-medium\"><img loading=\"lazy\" decoding=\"async\" width=\"272\" height=\"300\" src=\"https:\/\/www.borg-gastein.salzburg.at\/plo\/wp-content\/uploads\/2022\/05\/277124072_2778103095827925_859805566483342608_n-272x300.jpg\" alt=\"\" class=\"wp-image-580\" srcset=\"https:\/\/www.borg-gastein.salzburg.at\/plo\/wp-content\/uploads\/2022\/05\/277124072_2778103095827925_859805566483342608_n-272x300.jpg 272w, https:\/\/www.borg-gastein.salzburg.at\/plo\/wp-content\/uploads\/2022\/05\/277124072_2778103095827925_859805566483342608_n-929x1024.jpg 929w, https:\/\/www.borg-gastein.salzburg.at\/plo\/wp-content\/uploads\/2022\/05\/277124072_2778103095827925_859805566483342608_n-768x846.jpg 768w, https:\/\/www.borg-gastein.salzburg.at\/plo\/wp-content\/uploads\/2022\/05\/277124072_2778103095827925_859805566483342608_n-1394x1536.jpg 1394w, https:\/\/www.borg-gastein.salzburg.at\/plo\/wp-content\/uploads\/2022\/05\/277124072_2778103095827925_859805566483342608_n.jpg 1440w\" sizes=\"auto, (max-width: 272px) 100vw, 272px\" \/><\/figure>\n\n\n\n<p>__________________________________________________________________________________________________<\/p>\n\n\n\n<h3 class=\"wp-block-heading\">M\u00e4rz 2022<\/h3>\n\n\n\n<p>Na da schau her! <img loading=\"lazy\" decoding=\"async\" width=\"16\" height=\"16\" src=\"https:\/\/static.xx.fbcdn.net\/images\/emoji.php\/v9\/t58\/1\/16\/1f929.png\" alt=\"\ud83e\udd29\">Gerade haben wir wieder einen Ex-Borgler unter den Nominierten des <a href=\"https:\/\/www.facebook.com\/AmadeusAwards\/?__cft__[0]=AZXRlupyJEzAVL6wMJnha0uj8NIcHyuJTmzDr-QLOFCxG4EQl4YrMVX6QDYTfXwJJC5CtECaaNbK8cXw5BJkFmEoFW9SBDuGMn1lAyLa2uj9suWazwxB7JsMozuzos6mH6DqcMUKi5av6F1cpb-2P96h&amp;__tn__=kK-R\">Amadeus Austrian Music Awards<\/a> entdeckt! Bitte votet auch f\u00fcr <a href=\"https:\/\/www.facebook.com\/tobyromeo?__cft__[0]=AZXRlupyJEzAVL6wMJnha0uj8NIcHyuJTmzDr-QLOFCxG4EQl4YrMVX6QDYTfXwJJC5CtECaaNbK8cXw5BJkFmEoFW9SBDuGMn1lAyLa2uj9suWazwxB7JsMozuzos6mH6DqcMUKi5av6F1cpb-2P96h&amp;__tn__=-]K-R\">Toby Romeo<\/a> in der Kategorie &#8222;Electronic\/Dance&#8220;. <img loading=\"lazy\" decoding=\"async\" width=\"16\" height=\"16\" src=\"https:\/\/static.xx.fbcdn.net\/images\/emoji.php\/v9\/t80\/1\/16\/1f64f.png\" alt=\"\ud83d\ude4f\">Mit den zahlreichen Erfolgen von <a href=\"https:\/\/www.facebook.com\/matheaelisabeth?__cft__[0]=AZXRlupyJEzAVL6wMJnha0uj8NIcHyuJTmzDr-QLOFCxG4EQl4YrMVX6QDYTfXwJJC5CtECaaNbK8cXw5BJkFmEoFW9SBDuGMn1lAyLa2uj9suWazwxB7JsMozuzos6mH6DqcMUKi5av6F1cpb-2P96h&amp;__tn__=-]K-R\">Mathea<\/a> beim Award (5x nominiert, letztes Jahr sogar in der Kategorie Pop\/Rock gewonnen) sind wir richtig stolz, dass inkl. <a href=\"https:\/\/www.facebook.com\/FeliciaLuOfficial?__cft__[0]=AZXRlupyJEzAVL6wMJnha0uj8NIcHyuJTmzDr-QLOFCxG4EQl4YrMVX6QDYTfXwJJC5CtECaaNbK8cXw5BJkFmEoFW9SBDuGMn1lAyLa2uj9suWazwxB7JsMozuzos6mH6DqcMUKi5av6F1cpb-2P96h&amp;__tn__=-]K-R\">Felicia Lu K\u00fcrbi\u00df<\/a> mittlerweile 3 Ex-Borgler*innen unter den Nominierten zu finden sind.<\/p>\n\n\n\n<figure class=\"wp-block-image size-medium\"><img loading=\"lazy\" decoding=\"async\" width=\"240\" height=\"300\" src=\"https:\/\/www.borg-gastein.salzburg.at\/plo\/wp-content\/uploads\/2022\/05\/275302511_527162098754878_4143497457996586478_n-240x300.jpg\" alt=\"\" class=\"wp-image-585\" srcset=\"https:\/\/www.borg-gastein.salzburg.at\/plo\/wp-content\/uploads\/2022\/05\/275302511_527162098754878_4143497457996586478_n-240x300.jpg 240w, https:\/\/www.borg-gastein.salzburg.at\/plo\/wp-content\/uploads\/2022\/05\/275302511_527162098754878_4143497457996586478_n-820x1024.jpg 820w, https:\/\/www.borg-gastein.salzburg.at\/plo\/wp-content\/uploads\/2022\/05\/275302511_527162098754878_4143497457996586478_n-768x959.jpg 768w, https:\/\/www.borg-gastein.salzburg.at\/plo\/wp-content\/uploads\/2022\/05\/275302511_527162098754878_4143497457996586478_n-1229x1536.jpg 1229w, https:\/\/www.borg-gastein.salzburg.at\/plo\/wp-content\/uploads\/2022\/05\/275302511_527162098754878_4143497457996586478_n.jpg 1440w\" sizes=\"auto, (max-width: 240px) 100vw, 240px\" \/><\/figure>\n\n\n\n<p>__________________________________________________________________________________________________<\/p>\n\n\n\n<h2 class=\"wp-block-heading\">2021<\/h2>\n\n\n\n<h2 class=\"wp-block-heading\">Juni 2021<\/h2>\n\n\n\n<p>Dritter Platz beim EU Filmwettbewerb <a href=\"https:\/\/www.youtube.com\/hashtag\/shapeyoureu4climate\">#shapeyourEU4climate<\/a>. <\/p>\n\n\n\n<p>\u201eDie Welt der Raupen\u201c ist ein Animationsfilm f\u00fcr Kinder. Das Bewusstsein f\u00fcr den Umweltschutz sollte schon in der Kindheit geschaffen und verinnerlicht werden. Anhand der Geschichte der beiden Raupen Bella und Bello sollen die ZuseherInnen kindgerecht an die Thematik herangef\u00fchrt werden. Denn es sollte selbstverst\u00e4ndlich sein, den Planeten, die Tiere und die Umwelt zu respektieren, denn wir haben nur diese eine Welt.<br>Dieser Film ist im Rahmen des Multimedia-Unterrichts entstanden. Die 3D-Modelle wurden im Distance Learning \u00fcber Monate hinweg modelliert, im Pr\u00e4senzunterricht kompiliert und abschlie\u00dfend gemeinsam animiert.<\/p>\n\n\n\n<figure class=\"wp-block-embed is-type-video is-provider-youtube wp-block-embed-youtube wp-embed-aspect-16-9 wp-has-aspect-ratio\"><div class=\"wp-block-embed__wrapper\">\n<iframe loading=\"lazy\" title=\"#shapeyourEU4climate +&quot;Der Planet der Raupen&quot;+&quot;Team Raupe&quot;+&quot;BORG-Gastein&quot;\" width=\"640\" height=\"360\" src=\"https:\/\/www.youtube.com\/embed\/xkusYcE086c?start=45&#038;feature=oembed\" frameborder=\"0\" allow=\"accelerometer; autoplay; clipboard-write; encrypted-media; gyroscope; picture-in-picture; web-share\" referrerpolicy=\"strict-origin-when-cross-origin\" allowfullscreen><\/iframe>\n<\/div><\/figure>\n\n\n\n<h3 class=\"wp-block-heading\">Dezember 2021<\/h3>\n\n\n\n<p>Wir sind der Einladung unseres Absolventen und nunmehr Moderators <a href=\"https:\/\/www.facebook.com\/profile.php?id=100063555458060&amp;__cft__[0]=AZVKsvD6TT3aonN60yiwLRhqC8BIl9AQhD9N8pEJPdyM0CakGOThmE95pOMkOOQCfEx4bkK22JFiUgm9RprhEd7mPnwbjVUMUxwlqxysSmSwHXOQmXULvhwYTgTg-7AFtm07zhN3w540zT8SSDTUxpWl&amp;__tn__=-]K-R\">Ren\u00e9 Ach<\/a> sehr, sehr gerne gefolgt und haben binnen k\u00fcrzester Zeit einen kleinen Beitrag produziert. <img loading=\"lazy\" decoding=\"async\" width=\"16\" height=\"16\" src=\"https:\/\/static.xx.fbcdn.net\/images\/emoji.php\/v9\/t58\/1\/16\/1f929.png\" alt=\"\ud83e\udd29\">Schaltet ein und schaut ganz aufmerksam: Wir huschen ein paar Sekunden \u00fcber den Bildschirm. Zu welchem Thema? Lasst euch \u00fcberraschen!<img loading=\"lazy\" decoding=\"async\" width=\"16\" height=\"16\" src=\"https:\/\/static.xx.fbcdn.net\/images\/emoji.php\/v9\/t1\/1\/16\/1f92b.png\" alt=\"\ud83e\udd2b\"><\/p>\n\n\n\n<figure class=\"wp-block-embed is-type-video is-provider-youtube wp-block-embed-youtube wp-embed-aspect-16-9 wp-has-aspect-ratio\"><div class=\"wp-block-embed__wrapper\">\n<iframe loading=\"lazy\" title=\"Mathea wird vom BORG Gastein \u00fcberrascht\" width=\"640\" height=\"360\" src=\"https:\/\/www.youtube.com\/embed\/IkpbOamb12U?start=136&#038;feature=oembed\" frameborder=\"0\" allow=\"accelerometer; autoplay; clipboard-write; encrypted-media; gyroscope; picture-in-picture; web-share\" referrerpolicy=\"strict-origin-when-cross-origin\" allowfullscreen><\/iframe>\n<\/div><\/figure>\n\n\n\n<p>__________________________________________________________________________________________________<\/p>\n\n\n\n<h3 class=\"wp-block-heading\">Oktober 2021<\/h3>\n\n\n\n<p>Anl\u00e4sslich des 10-Jahres-Jubil\u00e4ums des <a href=\"https:\/\/www.facebook.com\/JUZGastein\/?__cft__[0]=AZWLPu0znnrR_yzsvj5s3L0M8jMoAo7VGnA5rytZArBcvODt55LuU9LkltAbSWtsDB6ZxSj6GZrg4901i8ye4MKyvmVuKcnHpJcf8IrECRCQfUmpSfL-bBbVeOdcJXpOnBNsgUbaI4mbg_JkFRXAAm05&amp;__tn__=kK-R\">Jugendzentrum Gastein<\/a> war unsere Schule mit 8 Sch\u00fcler*innen mitverantwortlich f\u00fcr die musikal. Umrahmung und den techn. Support: Leonhard Sinnhofer (Tontechnik) mit seinem Prof. <a href=\"https:\/\/www.facebook.com\/profile.php?id=100005376002633&amp;__cft__[0]=AZWLPu0znnrR_yzsvj5s3L0M8jMoAo7VGnA5rytZArBcvODt55LuU9LkltAbSWtsDB6ZxSj6GZrg4901i8ye4MKyvmVuKcnHpJcf8IrECRCQfUmpSfL-bBbVeOdcJXpOnBNsgUbaI4mbg_JkFRXAAm05&amp;__tn__=-]K-R\">Christoph Plohovich<\/a>, Aisha Peschek (Voc\/Piano), Robby Trautmann (Voc\/Drums\/Mallets\/Piano), Jacob Rainer (Drums\/Mallets) und die Jungs der Metal-Band \u201eDopamine\u201c (Raffael Milucky\/b, Aaron Prause &amp; Stefan Gr\u00fcnwald\/g, Andreas L\u00f6ffler\/dr). Dann kam auch noch Jakob Lainer als Fotograf dazu. Hut ab vor der Leistung und Selbstst\u00e4ndigkeit unserer Jugendlichen! Auch Polit-Prominenz war vor Ort, um dem JUZ zum \u201e10. Geburtstag\u201c zu gratulieren: Fr. Jugend-Landesr\u00e4tin <a href=\"https:\/\/www.facebook.com\/andreaklambauer?__cft__[0]=AZWLPu0znnrR_yzsvj5s3L0M8jMoAo7VGnA5rytZArBcvODt55LuU9LkltAbSWtsDB6ZxSj6GZrg4901i8ye4MKyvmVuKcnHpJcf8IrECRCQfUmpSfL-bBbVeOdcJXpOnBNsgUbaI4mbg_JkFRXAAm05&amp;__tn__=-]K-R\">Andrea Klambauer<\/a> und von der Marktgemeinde Bad Hofgastein Hr. B\u00fcrgermeister Markus Viehhauser und Hr. Vizeb\u00fcgermeister <a href=\"https:\/\/www.facebook.com\/johann.freiberger.9?__cft__[0]=AZWLPu0znnrR_yzsvj5s3L0M8jMoAo7VGnA5rytZArBcvODt55LuU9LkltAbSWtsDB6ZxSj6GZrg4901i8ye4MKyvmVuKcnHpJcf8IrECRCQfUmpSfL-bBbVeOdcJXpOnBNsgUbaI4mbg_JkFRXAAm05&amp;__tn__=-]K-R\">Johann Freiberger<\/a>. Wir danken dem JUZ-Team f\u00fcr die Einladung und die tolle M\u00f6glichkeit, den Schulhof \u201eordentlich zu rocken\u201c.<img loading=\"lazy\" decoding=\"async\" width=\"16\" height=\"16\" src=\"https:\/\/static.xx.fbcdn.net\/images\/emoji.php\/v9\/t9e\/1\/16\/1f3b5.png\" alt=\"\ud83c\udfb5\"><img loading=\"lazy\" decoding=\"async\" width=\"16\" height=\"16\" src=\"https:\/\/static.xx.fbcdn.net\/images\/emoji.php\/v9\/tb3\/1\/16\/1f918_1f3fb.png\" alt=\"\ud83e\udd18\ud83c\udffb\"><img loading=\"lazy\" decoding=\"async\" width=\"16\" height=\"16\" src=\"https:\/\/static.xx.fbcdn.net\/images\/emoji.php\/v9\/t57\/1\/16\/1f609.png\" alt=\"\ud83d\ude09\"><img loading=\"lazy\" decoding=\"async\" width=\"16\" height=\"16\" src=\"https:\/\/static.xx.fbcdn.net\/images\/emoji.php\/v9\/t2\/1\/16\/1f483_1f3fb.png\" alt=\"\ud83d\udc83\ud83c\udffb\"><\/p>\n\n\n\n<figure class=\"wp-block-image size-medium\"><img loading=\"lazy\" decoding=\"async\" width=\"300\" height=\"225\" src=\"https:\/\/www.borg-gastein.salzburg.at\/plo\/wp-content\/uploads\/2022\/05\/245769544_10159920107861484_3750387574836367265_n-300x225.jpg\" alt=\"\" class=\"wp-image-593\" srcset=\"https:\/\/www.borg-gastein.salzburg.at\/plo\/wp-content\/uploads\/2022\/05\/245769544_10159920107861484_3750387574836367265_n-300x225.jpg 300w, https:\/\/www.borg-gastein.salzburg.at\/plo\/wp-content\/uploads\/2022\/05\/245769544_10159920107861484_3750387574836367265_n-768x576.jpg 768w, https:\/\/www.borg-gastein.salzburg.at\/plo\/wp-content\/uploads\/2022\/05\/245769544_10159920107861484_3750387574836367265_n-720x540.jpg 720w, https:\/\/www.borg-gastein.salzburg.at\/plo\/wp-content\/uploads\/2022\/05\/245769544_10159920107861484_3750387574836367265_n.jpg 960w\" sizes=\"auto, (max-width: 300px) 100vw, 300px\" \/><\/figure>\n\n\n\n<p>__________________________________________________________________________________________________<\/p>\n\n\n\n<h3 class=\"wp-block-heading\">Oktober 2021<\/h3>\n\n\n\n<p>Sehr cooler Jazz-Workshop mit der gro\u00dfartigen <a href=\"https:\/\/www.facebook.com\/karinbachnerofficial\/?__cft__[0]=AZVDdrJNy56UoCu4B2KkUwUQdFJDclMp8R0q8hgwIOouyDbd5OLH0h7IY-J8ReOQzZYnV0u3CWpmJwnQVqdLHtlwASbfHoKqcOXRPSDRzSv3GlKo0YPXV-Aqi18PhpN8xGTJ9zyet5HQSXgXtzKMU-KSn8YWezYoRqCGMlN49HfPHw&amp;__tn__=kK-R\">Karin Bachner<\/a>! Danke allen Sch\u00fcler*innen f\u00fcrs flei\u00dfige Mitmachen und -swingen!<img loading=\"lazy\" decoding=\"async\" width=\"16\" height=\"16\" src=\"https:\/\/static.xx.fbcdn.net\/images\/emoji.php\/v9\/t7f\/1\/16\/1f60a.png\" alt=\"\ud83d\ude0a\"><img loading=\"lazy\" decoding=\"async\" width=\"16\" height=\"16\" src=\"https:\/\/static.xx.fbcdn.net\/images\/emoji.php\/v9\/t1f\/1\/16\/1f3b6.png\" alt=\"\ud83c\udfb6\"><img loading=\"lazy\" decoding=\"async\" width=\"16\" height=\"16\" src=\"https:\/\/static.xx.fbcdn.net\/images\/emoji.php\/v9\/t2\/1\/16\/1f483_1f3fb.png\" alt=\"\ud83d\udc83\ud83c\udffb\"><img loading=\"lazy\" decoding=\"async\" width=\"16\" height=\"16\" src=\"https:\/\/static.xx.fbcdn.net\/images\/emoji.php\/v9\/t97\/1\/16\/1f57a.png\" alt=\"\ud83d\udd7a\"><\/p>\n\n\n\n<figure class=\"wp-block-image size-medium\"><img loading=\"lazy\" decoding=\"async\" width=\"300\" height=\"225\" src=\"https:\/\/www.borg-gastein.salzburg.at\/plo\/wp-content\/uploads\/2022\/05\/244214164_4711807088837916_2416904129874798039_n-300x225.jpg\" alt=\"\" class=\"wp-image-596\" srcset=\"https:\/\/www.borg-gastein.salzburg.at\/plo\/wp-content\/uploads\/2022\/05\/244214164_4711807088837916_2416904129874798039_n-300x225.jpg 300w, https:\/\/www.borg-gastein.salzburg.at\/plo\/wp-content\/uploads\/2022\/05\/244214164_4711807088837916_2416904129874798039_n-768x576.jpg 768w, https:\/\/www.borg-gastein.salzburg.at\/plo\/wp-content\/uploads\/2022\/05\/244214164_4711807088837916_2416904129874798039_n-720x540.jpg 720w, https:\/\/www.borg-gastein.salzburg.at\/plo\/wp-content\/uploads\/2022\/05\/244214164_4711807088837916_2416904129874798039_n.jpg 960w\" sizes=\"auto, (max-width: 300px) 100vw, 300px\" \/><\/figure>\n\n\n\n<p>__________________________________________________________________________________________________<\/p>\n\n\n\n<h3 class=\"wp-block-heading\">Juli 2022<\/h3>\n\n\n\n<p>Herzliche Gratulation an unsere (mittlerweile Ex-) BORGlerin und S\u00e4ngerin Viola Siller, die mit ihrer Interpretation von &#8222;Crazy Race&#8220; beim <a href=\"https:\/\/www.facebook.com\/Falcogoesschool\/?__cft__[0]=AZXF1AMboUQxBdvbq_jyOiL7lHtL9vU4_7zJAsX45Aldn9nu6Wgbkw7ZAODpKaz3N8mTN0TstPYjIpbSvfIFzlQRRStuQAgblYJpHkSBQ-0OddVerJAp_vSr0JMHrBnXeNlOgS7gHfGh4pcssWDYzmeZkYLxpGCty75Ek7tVspkxdQ&amp;__tn__=kK-R\">Helden von heute &#8211; Falco goes school<\/a>-Wettbewerb in der Kategorie 3 als 1. Preis eine Produktion mit Warner Music gewonnen hat!! <img loading=\"lazy\" decoding=\"async\" width=\"16\" height=\"16\" src=\"https:\/\/static.xx.fbcdn.net\/images\/emoji.php\/v9\/t8c\/1\/16\/1f389.png\" alt=\"\ud83c\udf89\"><img loading=\"lazy\" decoding=\"async\" width=\"16\" height=\"16\" src=\"https:\/\/static.xx.fbcdn.net\/images\/emoji.php\/v9\/t7e\/1\/16\/1f3a4.png\" alt=\"\ud83c\udfa4\"><img loading=\"lazy\" decoding=\"async\" width=\"16\" height=\"16\" src=\"https:\/\/static.xx.fbcdn.net\/images\/emoji.php\/v9\/t1\/1\/16\/1f3a7.png\" alt=\"\ud83c\udfa7\">Herzlichen Dank an Violas Gesangslehrerin Maggie Faltin und die MMA-Abteilung, unter der Leitung von Christoph Plohovich, f\u00fcr die Unterst\u00fctzung und Co-Produktion und an Andreas Feldbacher f\u00fcr die &#8222;spitzenm\u00e4\u00dfige&#8220; Klavierbegleitung!! Ganz herzlich m\u00f6chten wir uns bei der <a href=\"https:\/\/www.facebook.com\/Falcoprivatstiftung\/?__cft__[0]=AZXF1AMboUQxBdvbq_jyOiL7lHtL9vU4_7zJAsX45Aldn9nu6Wgbkw7ZAODpKaz3N8mTN0TstPYjIpbSvfIFzlQRRStuQAgblYJpHkSBQ-0OddVerJAp_vSr0JMHrBnXeNlOgS7gHfGh4pcssWDYzmeZkYLxpGCty75Ek7tVspkxdQ&amp;__tn__=kK-R\">Falco Privatstiftung<\/a> f\u00fcr diese &#8222;spitzenm\u00e4\u00dfige&#8220; Platzierung und f\u00fcr die F\u00f6rderung unserer Sch\u00fclerin und Schule bedanken!! <img loading=\"lazy\" decoding=\"async\" width=\"16\" height=\"16\" src=\"https:\/\/static.xx.fbcdn.net\/images\/emoji.php\/v9\/t2\/1\/16\/1f60d.png\" alt=\"\ud83d\ude0d\">Genau heute vor 5 Jahren durften wir auch einen 1. Preis entgegennehmen&#8230;. eure Unterst\u00fctzung tr\u00e4gt uns durch all die Jahre und spornt uns immer wieder an!<img loading=\"lazy\" decoding=\"async\" width=\"16\" height=\"16\" src=\"https:\/\/static.xx.fbcdn.net\/images\/emoji.php\/v9\/tfb\/1\/16\/1f64f_1f3fb.png\" alt=\"\ud83d\ude4f\ud83c\udffb\"><\/p>\n\n\n\n<figure class=\"wp-block-embed is-type-video is-provider-youtube wp-block-embed-youtube wp-embed-aspect-16-9 wp-has-aspect-ratio\"><div class=\"wp-block-embed__wrapper\">\n<iframe loading=\"lazy\" title=\"Crazy race \/ BORG-Gastein \/ Falco goes school\" width=\"640\" height=\"360\" src=\"https:\/\/www.youtube.com\/embed\/1rQjIwcPR2U?feature=oembed\" frameborder=\"0\" allow=\"accelerometer; autoplay; clipboard-write; encrypted-media; gyroscope; picture-in-picture; web-share\" referrerpolicy=\"strict-origin-when-cross-origin\" allowfullscreen><\/iframe>\n<\/div><\/figure>\n\n\n\n<p>__________________________________________________________________________________________________<\/p>\n\n\n\n<h3 class=\"wp-block-heading\">Mai 2021<\/h3>\n\n\n\n<p>Hier ein paar Eindr\u00fccke von den Vorbereitungsarbeiten im Solit\u00e4r der <a href=\"https:\/\/www.facebook.com\/UniMozarteumSalzburg\/?__cft__[0]=AZXMmQutAYglzkepKgLSb4tgSS7_p-385d08jc7oGXbBYzPMpCr8Zr_J7mWkNCGIQrCDOAcMkOAHT7MFA-qso9m8etElNDvbmIjuUN7qU-_t4YzKDdnOJ0ipgrzETnh6H3Ywf9jBxCU6jr9_ZY3A28C6&amp;__tn__=kK-R\">Universit\u00e4t Mozarteum Salzburg<\/a> f\u00fcr den Live-Stream der \u201eErika Frieser Kammermusiktage\u201c (<a href=\"https:\/\/www.facebook.com\/IGGS.Mozarteum\/?__cft__[0]=AZXMmQutAYglzkepKgLSb4tgSS7_p-385d08jc7oGXbBYzPMpCr8Zr_J7mWkNCGIQrCDOAcMkOAHT7MFA-qso9m8etElNDvbmIjuUN7qU-_t4YzKDdnOJ0ipgrzETnh6H3Ywf9jBxCU6jr9_ZY3A28C6&amp;__tn__=kK-R\">Institut f\u00fcr Gleichstellung und Gender Studies &#8211; Mozarteum<\/a>). Die Sch\u00fcler*innen und Prof. <a href=\"https:\/\/www.facebook.com\/profile.php?id=100005376002633&amp;__cft__[0]=AZXMmQutAYglzkepKgLSb4tgSS7_p-385d08jc7oGXbBYzPMpCr8Zr_J7mWkNCGIQrCDOAcMkOAHT7MFA-qso9m8etElNDvbmIjuUN7qU-_t4YzKDdnOJ0ipgrzETnh6H3Ywf9jBxCU6jr9_ZY3A28C6&amp;__tn__=-]K-R\">Christoph Plohovich<\/a> sind voll konzentriert&#8230; und voll in ihrem Element!<\/p>\n\n\n\n<figure class=\"wp-block-image size-medium\"><img loading=\"lazy\" decoding=\"async\" width=\"300\" height=\"169\" src=\"https:\/\/www.borg-gastein.salzburg.at\/plo\/wp-content\/uploads\/2022\/05\/186259693_10159594965291484_7679350676065673178_n-300x169.jpg\" alt=\"\" class=\"wp-image-601\" srcset=\"https:\/\/www.borg-gastein.salzburg.at\/plo\/wp-content\/uploads\/2022\/05\/186259693_10159594965291484_7679350676065673178_n-300x169.jpg 300w, https:\/\/www.borg-gastein.salzburg.at\/plo\/wp-content\/uploads\/2022\/05\/186259693_10159594965291484_7679350676065673178_n-1024x576.jpg 1024w, https:\/\/www.borg-gastein.salzburg.at\/plo\/wp-content\/uploads\/2022\/05\/186259693_10159594965291484_7679350676065673178_n-768x432.jpg 768w, https:\/\/www.borg-gastein.salzburg.at\/plo\/wp-content\/uploads\/2022\/05\/186259693_10159594965291484_7679350676065673178_n-800x450.jpg 800w, https:\/\/www.borg-gastein.salzburg.at\/plo\/wp-content\/uploads\/2022\/05\/186259693_10159594965291484_7679350676065673178_n.jpg 1440w\" sizes=\"auto, (max-width: 300px) 100vw, 300px\" \/><\/figure>\n\n\n\n<figure class=\"wp-block-embed is-type-video is-provider-youtube wp-block-embed-youtube wp-embed-aspect-16-9 wp-has-aspect-ratio\"><div class=\"wp-block-embed__wrapper\">\n<iframe loading=\"lazy\" title=\"Erika-Frieser-Kammermusiktage 15. Mai 2021 Konzert \u201eQuintett Plus\u201c  Livestream BORG Gastein\" width=\"640\" height=\"360\" src=\"https:\/\/www.youtube.com\/embed\/Gr6KFXH-9Mo?start=2630&#038;feature=oembed\" frameborder=\"0\" allow=\"accelerometer; autoplay; clipboard-write; encrypted-media; gyroscope; picture-in-picture; web-share\" referrerpolicy=\"strict-origin-when-cross-origin\" allowfullscreen><\/iframe>\n<\/div><\/figure>\n\n\n\n<p>__________________________________________________________________________________________________<\/p>\n\n\n\n<h2 class=\"wp-block-heading\">2020<\/h2>\n\n\n\n<h3 class=\"wp-block-heading\">Dezember 2020<\/h3>\n\n\n\n<p>They did it!!<img loading=\"lazy\" decoding=\"async\" width=\"16\" height=\"16\" src=\"https:\/\/static.xx.fbcdn.net\/images\/emoji.php\/v9\/tc7\/1\/16\/1f483.png\" alt=\"\ud83d\udc83\"><img loading=\"lazy\" decoding=\"async\" width=\"16\" height=\"16\" src=\"https:\/\/static.xx.fbcdn.net\/images\/emoji.php\/v9\/t97\/1\/16\/1f57a.png\" alt=\"\ud83d\udd7a\">Nach der gelungenen Qualifikation im Februar in Schwechat bei Dance Star Austria 2020 hatten unsere T\u00e4nzerinnen gemeinsam mit Prof. Natalia Petrova-Ultschnig geplant, nach Porec zum World Finale Dance Star 2020 zu fahren. Die weltweite Pandemie hat unsere Pl\u00e4ne allerdings ge\u00e4ndert. Mit drei Nummern haben sich die Sch\u00fclerinnen der 7. Klassen zum Online-Finale angemeldet. Wir sind sehr stolz auf unser tolles Ergebnis!<img loading=\"lazy\" decoding=\"async\" width=\"16\" height=\"16\" src=\"https:\/\/static.xx.fbcdn.net\/images\/emoji.php\/v9\/tbe\/1\/16\/1f3c6.png\" alt=\"\ud83c\udfc6\">1. Platz: Solo von Loitfellner Clara in der Kategorie Lyrical, Juniors, Liga B<img loading=\"lazy\" decoding=\"async\" width=\"16\" height=\"16\" src=\"https:\/\/static.xx.fbcdn.net\/images\/emoji.php\/v9\/tbe\/1\/16\/1f3c6.png\" alt=\"\ud83c\udfc6\"> 2. Platz: Duo Ella van Stralendorff in der Kategorie Open, Juniors, Liga B<img loading=\"lazy\" decoding=\"async\" width=\"16\" height=\"16\" src=\"https:\/\/static.xx.fbcdn.net\/images\/emoji.php\/v9\/tbe\/1\/16\/1f3c6.png\" alt=\"\ud83c\udfc6\"> 4. Platz: Solo von Loitfellner Clara in der Kategorie Acrobatic Dance, Liga B. Diese (verdienten!) Erfolge motivieren uns und geben uns in dieser Ausnahmesituation Kraft. Wir hoffen, dass wir uns bald im Tanzsaal wiedersehen k\u00f6nnen! <a rel=\"noreferrer noopener\" href=\"https:\/\/l.facebook.com\/l.php?u=https%3A%2F%2Fdancestar.org%2Fnew-competition-format-online%3Ffbclid%3DIwAR190qZ96dEnb07Cl7wcjHmlIm7iSs0njfJfwlKCBNPasgAB8ylrB_wYnCg&amp;h=AT0fOZ1tO--7H4MV8bAO5kuAw7uEm3AMCpXBJcbR6YM5-8i5_rCIezA5sOGyBgNrGzCe_mI2JoshiSfJXex0MlowG9LUrb21WhaKHsXDLYTLgqkp72AoabQj2G39c7tBbMf-&amp;__tn__=-UK-R&amp;c[0]=AT24iO1oTp8ZesWmpjQ2ev_8RWaXemm-fWV1fNkOQqT-MfKO9BVEqAHlP9HWLZQ5xXZUEjYbZJTKqQePA5ALyuhaZpmZ7GFy1CPpu9cN5jXUm6B_F3FlkcFaLtIGklQYInFyVhrYY6OXR_etQBkV6gpuVSD6zzKGJHnffc3zbJ0dDWdQ\" target=\"_blank\">https:\/\/dancestar.org\/new-competition-format-online<\/a><\/p>\n\n\n\n<figure class=\"wp-block-image size-medium\"><img loading=\"lazy\" decoding=\"async\" width=\"209\" height=\"300\" src=\"https:\/\/www.borg-gastein.salzburg.at\/plo\/wp-content\/uploads\/2022\/05\/130327870_10159192607366484_5513614808557107203_n-209x300.jpg\" alt=\"\" class=\"wp-image-604\" srcset=\"https:\/\/www.borg-gastein.salzburg.at\/plo\/wp-content\/uploads\/2022\/05\/130327870_10159192607366484_5513614808557107203_n-209x300.jpg 209w, https:\/\/www.borg-gastein.salzburg.at\/plo\/wp-content\/uploads\/2022\/05\/130327870_10159192607366484_5513614808557107203_n-715x1024.jpg 715w, https:\/\/www.borg-gastein.salzburg.at\/plo\/wp-content\/uploads\/2022\/05\/130327870_10159192607366484_5513614808557107203_n-768x1101.jpg 768w, https:\/\/www.borg-gastein.salzburg.at\/plo\/wp-content\/uploads\/2022\/05\/130327870_10159192607366484_5513614808557107203_n.jpg 808w\" sizes=\"auto, (max-width: 209px) 100vw, 209px\" \/><\/figure>\n\n\n\n<p>__________________________________________________________________________________________________<\/p>\n\n\n\n<h3 class=\"wp-block-heading\">Oktober 2020<\/h3>\n\n\n\n<p>So sehen Sieger aus <img loading=\"lazy\" decoding=\"async\" width=\"16\" height=\"16\" src=\"https:\/\/static.xx.fbcdn.net\/images\/emoji.php\/v9\/tbe\/1\/16\/1f3c6.png\" alt=\"\ud83c\udfc6\"><img loading=\"lazy\" decoding=\"async\" width=\"16\" height=\"16\" src=\"https:\/\/static.xx.fbcdn.net\/images\/emoji.php\/v9\/t58\/1\/16\/1f929.png\" alt=\"\ud83e\udd29\">. Heute wurden die besten Einreichungen des Online-Video-Wettbewerbs <a href=\"https:\/\/www.facebook.com\/hashtag\/trackingeuprojectsnext2u?__eep__=6&amp;__cft__[0]=AZXAGxDIPwB3ztrRzEWclG0IqtyOK3DgXmpdVMPHRa1u1ejBFPgI3Eb8JT9MAbY5TXYzfpiE9LWWsUnOxW-XGXTx5JDXLQhZRVkJ6jsHOaOqhVr2aVBj1WRYGBBS9FFJyL0wTz5LV0LCOEwOb4kAqwbhRYSjWP6RNkZV70eiXiPtgQ&amp;__tn__=*NK-y-R\">#trackingEUprojectsnext2u<\/a> gek\u00fcrt. <img loading=\"lazy\" decoding=\"async\" width=\"16\" height=\"16\" src=\"https:\/\/static.xx.fbcdn.net\/images\/emoji.php\/v9\/tfe\/1\/16\/1f44f.png\" alt=\"\ud83d\udc4f\"> Die Top 3:<img loading=\"lazy\" decoding=\"async\" width=\"16\" height=\"16\" src=\"https:\/\/static.xx.fbcdn.net\/images\/emoji.php\/v9\/t94\/1\/16\/1f947.png\" alt=\"\ud83e\udd47\"> We are Europe, Baby! (HLW Annahof)<img loading=\"lazy\" decoding=\"async\" width=\"16\" height=\"16\" src=\"https:\/\/static.xx.fbcdn.net\/images\/emoji.php\/v9\/t15\/1\/16\/1f948.png\" alt=\"\ud83e\udd48\"> Ein Alltag ohne EU (BG Zaunergasse)<img loading=\"lazy\" decoding=\"async\" width=\"16\" height=\"16\" src=\"https:\/\/static.xx.fbcdn.net\/images\/emoji.php\/v9\/t96\/1\/16\/1f949.png\" alt=\"\ud83e\udd49\"> Die kleinen und die gro\u00dfen Probleme (BORG Gastein)<\/p>\n\n\n\n<figure class=\"wp-block-embed is-type-video is-provider-youtube wp-block-embed-youtube wp-embed-aspect-16-9 wp-has-aspect-ratio\"><div class=\"wp-block-embed__wrapper\">\n<iframe loading=\"lazy\" title=\"#TrackingEUprojectsnext2u &quot;Die kleinen und die gro\u00dfen Probleme&quot; &quot;Cat Media&quot; &quot;BORG Gastein&quot;\" width=\"640\" height=\"360\" src=\"https:\/\/www.youtube.com\/embed\/mkAPPvGUl2I?feature=oembed\" frameborder=\"0\" allow=\"accelerometer; autoplay; clipboard-write; encrypted-media; gyroscope; picture-in-picture; web-share\" referrerpolicy=\"strict-origin-when-cross-origin\" allowfullscreen><\/iframe>\n<\/div><\/figure>\n\n\n\n<p>__________________________________________________________________________________________________<\/p>\n\n\n\n<h3 class=\"wp-block-heading\">Mai 2020<\/h3>\n\n\n\n<p>Wow! Unser Video in der renommierten deutschen Fachzeitschrift @chorzeit. Ein <img loading=\"lazy\" decoding=\"async\" width=\"16\" height=\"16\" src=\"https:\/\/static.xx.fbcdn.net\/images\/emoji.php\/v9\/t6c\/1\/16\/2764.png\" alt=\"\u2764\ufe0f\">-liches Dankesch\u00f6n f\u00fcrs Teilen aus \u00d6sterreich! <img loading=\"lazy\" decoding=\"async\" width=\"16\" height=\"16\" src=\"https:\/\/static.xx.fbcdn.net\/images\/emoji.php\/v9\/t7f\/1\/16\/1f60a.png\" alt=\"\ud83d\ude0a\"><\/p>\n\n\n\n<figure class=\"wp-block-embed is-type-video is-provider-youtube wp-block-embed-youtube wp-embed-aspect-16-9 wp-has-aspect-ratio\"><div class=\"wp-block-embed__wrapper\">\n<iframe loading=\"lazy\" title=\"Joyful Joyful (Falco goes School)\" width=\"640\" height=\"360\" src=\"https:\/\/www.youtube.com\/embed\/i40vnPvMRAc?feature=oembed\" frameborder=\"0\" allow=\"accelerometer; autoplay; clipboard-write; encrypted-media; gyroscope; picture-in-picture; web-share\" referrerpolicy=\"strict-origin-when-cross-origin\" allowfullscreen><\/iframe>\n<\/div><\/figure>\n\n\n\n<p>__________________________________________________________________________________________________<\/p>\n\n\n\n<h3 class=\"wp-block-heading\">M\u00e4rz 2020<\/h3>\n\n\n\n<p>Gasteiner Sch\u00fclerinnen ertanzten sich f\u00fcnf Pokale.<\/p>\n\n\n\n<p>In Schwechat gl\u00e4nzten Gasteiner Borg-Sch\u00fclerinnen und -Sch\u00fcler. Sie \u00fcberzeugten beim Qualifikationsturnier und qualifizierten sich f\u00fcr das &#8222;World Dance 2020&#8220; in Kroatien.<\/p>\n\n\n\n<figure class=\"wp-block-image size-medium\"><img loading=\"lazy\" decoding=\"async\" width=\"300\" height=\"225\" src=\"https:\/\/www.borg-gastein.salzburg.at\/plo\/wp-content\/uploads\/2022\/05\/image-300x225.jpeg\" alt=\"\" class=\"wp-image-615\" srcset=\"https:\/\/www.borg-gastein.salzburg.at\/plo\/wp-content\/uploads\/2022\/05\/image-300x225.jpeg 300w, https:\/\/www.borg-gastein.salzburg.at\/plo\/wp-content\/uploads\/2022\/05\/image-768x576.jpeg 768w, https:\/\/www.borg-gastein.salzburg.at\/plo\/wp-content\/uploads\/2022\/05\/image-720x540.jpeg 720w, https:\/\/www.borg-gastein.salzburg.at\/plo\/wp-content\/uploads\/2022\/05\/image.jpeg 770w\" sizes=\"auto, (max-width: 300px) 100vw, 300px\" \/><figcaption>Pongauer Sch\u00fclerinnen gl\u00e4nzten bei Tanzbewerb in Schwechat.<\/figcaption><\/figure>\n\n\n\n<p>Gro\u00dfer Erfolg f\u00fcr die Sch\u00fclerinnen und Sch\u00fcler des BORG Bad Hofgastein: Sie holten beim Tanzturnier &#8222;Dance Star&#8220; in Schwechat zwei Silber- und drei Bronzemedaillen und qualifizierten sich damit f\u00fcr das World Dance Masters in Pore\u010d &#8211; von 20. bis 24. Mai. Im Bild: die Choreografien &#8222;Telephone&#8220; (links) und &#8222;Bad Romance&#8220; (rechts) sowie ein Schnappschuss der begeisterten Sch\u00fclerinnen und Sch\u00fcler nach der Siegerehrung. Die Sch\u00fclerinnen und Sch\u00fcler im Hauptfach Tanz hatten wochen- und monatelang unerm\u00fcdlich trainiert &#8211; auch in der Freizeit. Die Leitung \u00fcbernahm Tanzlehrerin Natalia Petrova-Ultschnig.<\/p>\n\n\n\n<p>__________________________________________________________________________________________________<\/p>\n\n\n\n<h3 class=\"wp-block-heading\">Februar 2020 <\/h3>\n\n\n\n<p>BORG Pr\u00e4sentiert die &#8222;Fake Night Show&#8220;<\/p>\n\n\n\n<p>Unsere heutige Premiere war MEGA!<img loading=\"lazy\" decoding=\"async\" width=\"16\" height=\"16\" src=\"https:\/\/static.xx.fbcdn.net\/images\/emoji.php\/v9\/te0\/1\/16\/1f31f.png\" alt=\"\ud83c\udf1f\"> Danke an die vielen Schulklassen und ihre LehrerInnen f\u00fcrs Kommen &#8211; MEGA cooles Publikum <img loading=\"lazy\" decoding=\"async\" width=\"16\" height=\"16\" src=\"https:\/\/static.xx.fbcdn.net\/images\/emoji.php\/v9\/tfb\/1\/16\/263a.png\" alt=\"\u263a\ufe0f\"><img loading=\"lazy\" decoding=\"async\" width=\"16\" height=\"16\" src=\"https:\/\/static.xx.fbcdn.net\/images\/emoji.php\/v9\/tb3\/1\/16\/1f918_1f3fb.png\" alt=\"\ud83e\udd18\ud83c\udffb\"> Heute Abend um 20:00 findet unsere Hauptvorstellung statt. Es gibt voraussichtlich nur noch ganz wenige Restkarten an der Abendkasse. WIR SIND BEREEEEIIIIIIIT und freuen uns riesig auf die SHOOOOOW!!!!!! <img loading=\"lazy\" decoding=\"async\" width=\"16\" height=\"16\" src=\"https:\/\/static.xx.fbcdn.net\/images\/emoji.php\/v9\/t58\/1\/16\/1f929.png\" alt=\"\ud83e\udd29\"><a href=\"https:\/\/www.facebook.com\/hashtag\/borgpr%C3%A4sentiert2020?__eep__=6&amp;__cft__[0]=AZWJvSDwXKp0peueovYRcQz8aLumvTr_1821-OP1QO3HOmVptzmIAxbr9ZXnkqHS125OQ9lFVO-3rtIt1bV2fc20VWTG_7cNu6yJIDmzlXI1Sh7O-mDYNNVAdNB-S3P7op3DeYVEJ0Vzf0M-XtdiB4WK&amp;__tn__=*NK-R\">#BORGpr\u00e4sentiert2020<\/a><img loading=\"lazy\" decoding=\"async\" width=\"16\" height=\"16\" src=\"https:\/\/static.xx.fbcdn.net\/images\/emoji.php\/v9\/t58\/1\/16\/1f929.png\" alt=\"\ud83e\udd29\"><img loading=\"lazy\" decoding=\"async\" width=\"16\" height=\"16\" src=\"https:\/\/static.xx.fbcdn.net\/images\/emoji.php\/v9\/tc\/1\/16\/1f449_1f3fb.png\" alt=\"\ud83d\udc49\ud83c\udffb\"><img loading=\"lazy\" decoding=\"async\" width=\"16\" height=\"16\" src=\"https:\/\/static.xx.fbcdn.net\/images\/emoji.php\/v9\/t9e\/1\/16\/1f3b5.png\" alt=\"\ud83c\udfb5\"><img loading=\"lazy\" decoding=\"async\" width=\"16\" height=\"16\" src=\"https:\/\/static.xx.fbcdn.net\/images\/emoji.php\/v9\/t2\/1\/16\/1f483_1f3fb.png\" alt=\"\ud83d\udc83\ud83c\udffb\"><img loading=\"lazy\" decoding=\"async\" width=\"16\" height=\"16\" src=\"https:\/\/static.xx.fbcdn.net\/images\/emoji.php\/v9\/t87\/1\/16\/1f4fa.png\" alt=\"\ud83d\udcfa\">The FAKE Night Show<img loading=\"lazy\" decoding=\"async\" width=\"16\" height=\"16\" src=\"https:\/\/static.xx.fbcdn.net\/images\/emoji.php\/v9\/t87\/1\/16\/1f4fa.png\" alt=\"\ud83d\udcfa\"><img loading=\"lazy\" decoding=\"async\" width=\"16\" height=\"16\" src=\"https:\/\/static.xx.fbcdn.net\/images\/emoji.php\/v9\/t53\/1\/16\/1f57a_1f3fc.png\" alt=\"\ud83d\udd7a\ud83c\udffc\"><\/p>\n\n\n\n<figure class=\"wp-block-embed is-type-video is-provider-youtube wp-block-embed-youtube wp-embed-aspect-16-9 wp-has-aspect-ratio\"><div class=\"wp-block-embed__wrapper\">\n<iframe loading=\"lazy\" title=\"BORG Pr\u00e4sentiert &quot;The Fake Night Show&quot; 2020 Teil 1\" width=\"640\" height=\"360\" src=\"https:\/\/www.youtube.com\/embed\/g6xfoUmRPI4?start=2058&#038;feature=oembed\" frameborder=\"0\" allow=\"accelerometer; autoplay; clipboard-write; encrypted-media; gyroscope; picture-in-picture; web-share\" referrerpolicy=\"strict-origin-when-cross-origin\" allowfullscreen><\/iframe>\n<\/div><\/figure>\n\n\n\n<figure class=\"wp-block-embed is-type-video is-provider-youtube wp-block-embed-youtube wp-embed-aspect-16-9 wp-has-aspect-ratio\"><div class=\"wp-block-embed__wrapper\">\n<iframe loading=\"lazy\" title=\"BORG Pr\u00e4sentiert &quot;The Fake Night Show&quot; 2020 Teil 2\" width=\"640\" height=\"360\" src=\"https:\/\/www.youtube.com\/embed\/SJ7alelUTjM?start=2800&#038;feature=oembed\" frameborder=\"0\" allow=\"accelerometer; autoplay; clipboard-write; encrypted-media; gyroscope; picture-in-picture; web-share\" referrerpolicy=\"strict-origin-when-cross-origin\" allowfullscreen><\/iframe>\n<\/div><\/figure>\n\n\n\n<p>__________________________________________________________________________________________________<\/p>\n\n\n\n<h3 class=\"wp-block-heading\">J\u00e4nner 2020<\/h3>\n\n\n\n<p>Heute durfte der Chor der 7. Klassen das neue Haus der Bildungsdirektion S\u00fcd in St. Johann musikalisch einweihen, im Bild ganz stolz mit Andreas Egger (Abteilungsleiter der Bildungsregion S\u00fcd), Carmen Breuer (StV. Abteilungsleiterin\/Schulqualit\u00e4tsmanagerin) und Landesr\u00e4tin Maria Hutter. Am meisten hat sich der Chor \u00fcber das pers\u00f6nliche Geschenk von Herrn AL Egger gefreut: eine riesengro\u00dfe Box voller Schokolade!<img loading=\"lazy\" decoding=\"async\" width=\"16\" height=\"16\" src=\"https:\/\/static.xx.fbcdn.net\/images\/emoji.php\/v9\/tf7\/1\/16\/1f36b.png\" alt=\"\ud83c\udf6b\"><img loading=\"lazy\" decoding=\"async\" width=\"16\" height=\"16\" src=\"https:\/\/static.xx.fbcdn.net\/images\/emoji.php\/v9\/tf7\/1\/16\/1f36b.png\" alt=\"\ud83c\udf6b\"><img loading=\"lazy\" decoding=\"async\" width=\"16\" height=\"16\" src=\"https:\/\/static.xx.fbcdn.net\/images\/emoji.php\/v9\/tf7\/1\/16\/1f36b.png\" alt=\"\ud83c\udf6b\"><img loading=\"lazy\" decoding=\"async\" width=\"16\" height=\"16\" src=\"https:\/\/static.xx.fbcdn.net\/images\/emoji.php\/v9\/tbf\/1\/16\/1f9c1.png\" alt=\"\ud83e\uddc1\"><img loading=\"lazy\" decoding=\"async\" width=\"16\" height=\"16\" src=\"https:\/\/static.xx.fbcdn.net\/images\/emoji.php\/v9\/t78\/1\/16\/1f36c.png\" alt=\"\ud83c\udf6c\"><img loading=\"lazy\" decoding=\"async\" width=\"16\" height=\"16\" src=\"https:\/\/static.xx.fbcdn.net\/images\/emoji.php\/v9\/t4e\/1\/16\/1f369.png\" alt=\"\ud83c\udf69\"> Da machte das Singen gleich doppelt so viel Spa\u00df<img loading=\"lazy\" decoding=\"async\" width=\"16\" height=\"16\" src=\"https:\/\/static.xx.fbcdn.net\/images\/emoji.php\/v9\/t57\/1\/16\/1f609.png\" alt=\"\ud83d\ude09\"><\/p>\n\n\n\n<figure class=\"wp-block-image size-medium\"><img loading=\"lazy\" decoding=\"async\" width=\"300\" height=\"225\" src=\"https:\/\/www.borg-gastein.salzburg.at\/plo\/wp-content\/uploads\/2022\/05\/83176944_10158119758371484_6979774068811628544_n-300x225.jpg\" alt=\"\" class=\"wp-image-623\" srcset=\"https:\/\/www.borg-gastein.salzburg.at\/plo\/wp-content\/uploads\/2022\/05\/83176944_10158119758371484_6979774068811628544_n-300x225.jpg 300w, https:\/\/www.borg-gastein.salzburg.at\/plo\/wp-content\/uploads\/2022\/05\/83176944_10158119758371484_6979774068811628544_n.jpg 720w\" sizes=\"auto, (max-width: 300px) 100vw, 300px\" \/><\/figure>\n\n\n\n<p>__________________________________________________________________________________________________<\/p>\n\n\n\n<h2 class=\"wp-block-heading\">2019<\/h2>\n\n\n\n<h3 class=\"wp-block-heading\">Dezember 2019<\/h3>\n\n\n\n<p>HEUTE, 23.12. um 22:00, und <img loading=\"lazy\" decoding=\"async\" width=\"16\" height=\"16\" src=\"https:\/\/static.xx.fbcdn.net\/images\/emoji.php\/v9\/tc\/1\/16\/1f449_1f3fb.png\" alt=\"\ud83d\udc49\ud83c\udffb\">MORGEN, 24.12. um 14:25, unbedingt <a href=\"https:\/\/www.facebook.com\/ServusTV\/?__cft__[0]=AZUIpgZslsJEwX4Sd9FLGCo5cyJQKDAxFqhfHPsOFcVUY8aPnPQNbrQ89r_UuVXmouErNWGBPncAuxomZpYRzFqSN8CuF9s730ZUlwhw2kEzjYM071pt4iUB1WqqcU-LHSJOZ58Oqtz4xWI13-lCrNv1OeCNzu0OYVYlRxbzFEZNQA&amp;__tn__=kK-R\">ServusTV<\/a> einschalten! <a href=\"https:\/\/www.facebook.com\/SilentNightTheMovie\/?__cft__[0]=AZUIpgZslsJEwX4Sd9FLGCo5cyJQKDAxFqhfHPsOFcVUY8aPnPQNbrQ89r_UuVXmouErNWGBPncAuxomZpYRzFqSN8CuF9s730ZUlwhw2kEzjYM071pt4iUB1WqqcU-LHSJOZ58Oqtz4xWI13-lCrNv1OeCNzu0OYVYlRxbzFEZNQA&amp;__tn__=kK-R\">Silent Night &#8211; The Movie<\/a> wird wieder ausgestrahlt! Die wundersch\u00f6ne Musikdokumentation von Hannes M. Schalle, bei der wir vor einem Jahr mit dem Chor mitwirken durften&#8230;. <a href=\"https:\/\/www.facebook.com\/hashtag\/happyxmas?__eep__=6&amp;__cft__[0]=AZUIpgZslsJEwX4Sd9FLGCo5cyJQKDAxFqhfHPsOFcVUY8aPnPQNbrQ89r_UuVXmouErNWGBPncAuxomZpYRzFqSN8CuF9s730ZUlwhw2kEzjYM071pt4iUB1WqqcU-LHSJOZ58Oqtz4xWI13-lCrNv1OeCNzu0OYVYlRxbzFEZNQA&amp;__tn__=*NK-R\">#happyXmas<\/a><a href=\"https:\/\/www.facebook.com\/hashtag\/warisover?__eep__=6&amp;__cft__[0]=AZUIpgZslsJEwX4Sd9FLGCo5cyJQKDAxFqhfHPsOFcVUY8aPnPQNbrQ89r_UuVXmouErNWGBPncAuxomZpYRzFqSN8CuF9s730ZUlwhw2kEzjYM071pt4iUB1WqqcU-LHSJOZ58Oqtz4xWI13-lCrNv1OeCNzu0OYVYlRxbzFEZNQA&amp;__tn__=*NK-R\">#warisover<\/a><a href=\"https:\/\/www.facebook.com\/hashtag\/happy201stbirthday?__eep__=6&amp;__cft__[0]=AZUIpgZslsJEwX4Sd9FLGCo5cyJQKDAxFqhfHPsOFcVUY8aPnPQNbrQ89r_UuVXmouErNWGBPncAuxomZpYRzFqSN8CuF9s730ZUlwhw2kEzjYM071pt4iUB1WqqcU-LHSJOZ58Oqtz4xWI13-lCrNv1OeCNzu0OYVYlRxbzFEZNQA&amp;__tn__=*NK-R\">#happy201stBirthday<\/a><\/p>\n\n\n\n<figure class=\"wp-block-image size-medium\"><img loading=\"lazy\" decoding=\"async\" width=\"300\" height=\"225\" src=\"https:\/\/www.borg-gastein.salzburg.at\/plo\/wp-content\/uploads\/2022\/05\/image-1-300x225.jpeg\" alt=\"\" class=\"wp-image-626\" srcset=\"https:\/\/www.borg-gastein.salzburg.at\/plo\/wp-content\/uploads\/2022\/05\/image-1-300x225.jpeg 300w, https:\/\/www.borg-gastein.salzburg.at\/plo\/wp-content\/uploads\/2022\/05\/image-1-768x576.jpeg 768w, https:\/\/www.borg-gastein.salzburg.at\/plo\/wp-content\/uploads\/2022\/05\/image-1-720x540.jpeg 720w, https:\/\/www.borg-gastein.salzburg.at\/plo\/wp-content\/uploads\/2022\/05\/image-1.jpeg 960w\" sizes=\"auto, (max-width: 300px) 100vw, 300px\" \/><\/figure>\n\n\n\n<figure class=\"wp-block-image size-medium\"><img loading=\"lazy\" decoding=\"async\" width=\"300\" height=\"211\" src=\"https:\/\/www.borg-gastein.salzburg.at\/plo\/wp-content\/uploads\/2022\/05\/image-2-300x211.jpeg\" alt=\"\" class=\"wp-image-627\" srcset=\"https:\/\/www.borg-gastein.salzburg.at\/plo\/wp-content\/uploads\/2022\/05\/image-2-300x211.jpeg 300w, https:\/\/www.borg-gastein.salzburg.at\/plo\/wp-content\/uploads\/2022\/05\/image-2-768x541.jpeg 768w, https:\/\/www.borg-gastein.salzburg.at\/plo\/wp-content\/uploads\/2022\/05\/image-2.jpeg 960w\" sizes=\"auto, (max-width: 300px) 100vw, 300px\" \/><\/figure>\n\n\n\n<p>__________________________________________________________________________________________________<\/p>\n\n\n\n<h3 class=\"wp-block-heading\">November 2019<\/h3>\n\n\n\n<p>Wir freuen uns schon darauf, wieder im sch\u00f6nen <a href=\"https:\/\/www.facebook.com\/Weitmoserschl%C3%B6%C3%9Fl-335581653812643\/?__cft__[0]=AZV6WtPzRRAzEbEb2MzYC3VYUm14S6lNsNSY66T9f-FKkfsAWTTcoZ8WXpb1Pq6gxPMj-kJSDRsTsr-Kkm0JNHuQjGVaMA03M9iF6fTtjmQL_hb9PyKUJPJjHWwo6Te-r8nVZZY8xuf95Dy2xgXwCTC4y5AbaXANMo2N7wP0EEaXxg&amp;__tn__=kK-R\">Weitmoserschl\u00f6\u00dfl<\/a> auftreten zu d\u00fcrfen! Heute 16:00<img loading=\"lazy\" decoding=\"async\" width=\"16\" height=\"16\" src=\"https:\/\/static.xx.fbcdn.net\/images\/emoji.php\/v9\/te0\/1\/16\/1f31f.png\" alt=\"\ud83c\udf1f\"><img loading=\"lazy\" decoding=\"async\" width=\"16\" height=\"16\" src=\"https:\/\/static.xx.fbcdn.net\/images\/emoji.php\/v9\/t9e\/1\/16\/1f3b5.png\" alt=\"\ud83c\udfb5\"><\/p>\n\n\n\n<figure class=\"wp-block-image size-medium\"><img loading=\"lazy\" decoding=\"async\" width=\"300\" height=\"200\" src=\"https:\/\/www.borg-gastein.salzburg.at\/plo\/wp-content\/uploads\/2022\/05\/image-3-300x200.jpeg\" alt=\"\" class=\"wp-image-630\" srcset=\"https:\/\/www.borg-gastein.salzburg.at\/plo\/wp-content\/uploads\/2022\/05\/image-3-300x200.jpeg 300w, https:\/\/www.borg-gastein.salzburg.at\/plo\/wp-content\/uploads\/2022\/05\/image-3-768x512.jpeg 768w, https:\/\/www.borg-gastein.salzburg.at\/plo\/wp-content\/uploads\/2022\/05\/image-3.jpeg 810w\" sizes=\"auto, (max-width: 300px) 100vw, 300px\" \/><\/figure>\n\n\n\n<p>__________________________________________________________________________________________________<\/p>\n\n\n\n<h3 class=\"wp-block-heading\">Oktober 2019<\/h3>\n\n\n\n<p>Am Freitag hatten wir einen spannenden Workshop zum Thema Musical: Zu Gesang, Schauspiel, Performance, B\u00fchnenpr\u00e4senz u. v. m. hat uns die gro\u00dfartige Andrea Graf ganz viel beigebracht <img loading=\"lazy\" decoding=\"async\" width=\"16\" height=\"16\" src=\"https:\/\/static.xx.fbcdn.net\/images\/emoji.php\/v9\/t7f\/1\/16\/1f60a.png\" alt=\"\ud83d\ude0a\"><img loading=\"lazy\" decoding=\"async\" width=\"16\" height=\"16\" src=\"https:\/\/static.xx.fbcdn.net\/images\/emoji.php\/v9\/t9e\/1\/16\/1f3b5.png\" alt=\"\ud83c\udfb5\"><img loading=\"lazy\" decoding=\"async\" width=\"16\" height=\"16\" src=\"https:\/\/static.xx.fbcdn.net\/images\/emoji.php\/v9\/t2\/1\/16\/1f483_1f3fb.png\" alt=\"\ud83d\udc83\ud83c\udffb\">, mit Unterst\u00fctzung von <a href=\"https:\/\/www.facebook.com\/OeAD.Kulturvermittlung\/?__cft__[0]=AZW0uVV19uFiZUvhWPDkcnz1LgCyf3eXLnL6Dg8G1fxawVmEjSVLy4HKPMowf5P_DjvqXaN7Pyc9sI0OCJ2BbfFhwiH8AlvFDnV31mRbFmGxEOOAcNPsiiujzeMMREnG79EYHPQ2mKh5Tyy65RWJuOkt&amp;__tn__=kK-R\">KulturKontakt Austria<\/a><img loading=\"lazy\" decoding=\"async\" width=\"16\" height=\"16\" src=\"https:\/\/static.xx.fbcdn.net\/images\/emoji.php\/v9\/t71\/1\/16\/1f339.png\" alt=\"\ud83c\udf39\">.<\/p>\n\n\n\n<figure class=\"wp-block-image\"><img decoding=\"async\" src=\"https:\/\/scontent.fszg1-1.fna.fbcdn.net\/v\/t1.6435-9\/72706305_10157806929126484_469827460351918080_n.jpg?_nc_cat=104&amp;ccb=1-6&amp;_nc_sid=8bfeb9&amp;_nc_ohc=jdxD1ZtwdCUAX-K2mG0&amp;_nc_ht=scontent.fszg1-1.fna&amp;oh=00_AT_sKbS5G4Tdaq8SBi1n2vAMBTnCu51TQwBeyj3GKn-2xQ&amp;oe=62A0FBA6\" alt=\"Keine Fotobeschreibung verf\u00fcgbar.\"\/><\/figure>\n\n\n\n<p>__________________________________________________________________________________________________<\/p>\n\n\n\n<h3 class=\"wp-block-heading\">Oktober 2019<\/h3>\n\n\n\n<p><img loading=\"lazy\" decoding=\"async\" width=\"16\" height=\"16\" src=\"https:\/\/static.xx.fbcdn.net\/images\/emoji.php\/v9\/tff\/1\/16\/1f3a5.png\" alt=\"\ud83c\udfa5\">Hier ist es &#8211; das offizielle Video unserer Stra\u00dfburg-Reise! <img loading=\"lazy\" decoding=\"async\" width=\"16\" height=\"16\" src=\"https:\/\/static.xx.fbcdn.net\/images\/emoji.php\/v9\/t51\/1\/16\/1f449.png\" alt=\"\ud83d\udc49\">Ihr erinnert euch bestimmt: Im Sommersemester hat die 6b-Franz\u00f6sischgruppe (Ltg. Klara Krautgartner) gemeinsam mit der MMA der 6. Kl. (Ltg. <a href=\"https:\/\/www.facebook.com\/profile.php?id=100005376002633&amp;__cft__[0]=AZWvD3L_vM6wqBoVXCFpCO2EtU3BXfpaZW4Fh881jCxxaiqsGbTPCMnVb8T23URvOc-IHd5QCk8FVVmbRtQTStgRbyd1GaqMTTAjZ6TJNN89eoNeK6w2NoSxIrRb7-e5zkY5pxDvDhWGFWf4FcCBc3Nw&amp;__tn__=-]K-R\">Christoph Plohovich<\/a>) am Videowettbewerb &#8222;Karambolage&#8220; von Arte teilgenommen &#8211; und prompt gewonnen! <img loading=\"lazy\" decoding=\"async\" width=\"16\" height=\"16\" src=\"https:\/\/static.xx.fbcdn.net\/images\/emoji.php\/v9\/t58\/1\/16\/1f929.png\" alt=\"\ud83e\udd29\">Seit der Bekanntgabe des Gewinns im Juni sehnten sich die Sch\u00fclerInnen nach der Einl\u00f6sung ihres Preises: eine Reise nach Stra\u00dfburg. Was sie vor gut einer Woche so alles erlebt haben, seht ihr hier<img loading=\"lazy\" decoding=\"async\" width=\"16\" height=\"16\" src=\"https:\/\/static.xx.fbcdn.net\/images\/emoji.php\/v9\/t4f\/1\/16\/1f447.png\" alt=\"\ud83d\udc47\"><img loading=\"lazy\" decoding=\"async\" width=\"16\" height=\"16\" src=\"https:\/\/static.xx.fbcdn.net\/images\/emoji.php\/v9\/t4f\/1\/16\/1f447.png\" alt=\"\ud83d\udc47\"><img loading=\"lazy\" decoding=\"async\" width=\"16\" height=\"16\" src=\"https:\/\/static.xx.fbcdn.net\/images\/emoji.php\/v9\/t4f\/1\/16\/1f447.png\" alt=\"\ud83d\udc47\"><img loading=\"lazy\" decoding=\"async\" width=\"16\" height=\"16\" src=\"https:\/\/static.xx.fbcdn.net\/images\/emoji.php\/v9\/t4f\/1\/16\/1f447.png\" alt=\"\ud83d\udc47\">!<\/p>\n\n\n\n<figure class=\"wp-block-embed is-type-video is-provider-youtube wp-block-embed-youtube wp-embed-aspect-16-9 wp-has-aspect-ratio\"><div class=\"wp-block-embed__wrapper\">\n<iframe loading=\"lazy\" title=\"Impressionen von unserer Stra\u00dfburg Reise\" width=\"640\" height=\"360\" src=\"https:\/\/www.youtube.com\/embed\/YnbT_7XhE1Q?start=160&#038;feature=oembed\" frameborder=\"0\" allow=\"accelerometer; autoplay; clipboard-write; encrypted-media; gyroscope; picture-in-picture; web-share\" referrerpolicy=\"strict-origin-when-cross-origin\" allowfullscreen><\/iframe>\n<\/div><\/figure>\n\n\n\n<p>__________________________________________________________________________________________________<\/p>\n\n\n\n<h3 class=\"wp-block-heading\">September 2019<\/h3>\n\n\n\n<p>Die Sch\u00fcler vom <a href=\"https:\/\/www.facebook.com\/borg.gastein?__cft__[0]=AZUxjnhmIODSoOLMvfcg3xX-6qj12v7iOCV9BZCBD-zAUTjjvZmq4jJfaTFIS7aRTY5efN37gG6N99e2g0XCLdNK7chiuQN1I0WKmNHfx3YiatIH7EsmmLfmmDqagos1UhR5ABo27G-arbga-Hm_z7xkD7wkoYyyWj-YHTK2znpu9g&amp;__tn__=-]K-y-R\">BORG Bad Hofgastein<\/a> haben sich zum <img loading=\"lazy\" decoding=\"async\" width=\"16\" height=\"16\" src=\"https:\/\/static.xx.fbcdn.net\/images\/emoji.php\/v9\/t4a\/1\/16\/1f1e6_1f1f9.png\" alt=\"\ud83c\udde6\ud83c\uddf9\"><img loading=\"lazy\" decoding=\"async\" width=\"16\" height=\"16\" src=\"https:\/\/static.xx.fbcdn.net\/images\/emoji.php\/v9\/tbe\/1\/16\/1f3c6.png\" alt=\"\ud83c\udfc6\"> Staatspreis gerappt! Schon bem Videowettbewerb &#8222;Rap your EU 4 peace&#8220; gab es den <img loading=\"lazy\" decoding=\"async\" width=\"16\" height=\"16\" src=\"https:\/\/static.xx.fbcdn.net\/images\/emoji.php\/v9\/t94\/1\/16\/1f947.png\" alt=\"\ud83e\udd47\"> ersten Platz.. Nun wurde Initiatorin <a href=\"https:\/\/www.facebook.com\/gritlind.kettl?__cft__[0]=AZUxjnhmIODSoOLMvfcg3xX-6qj12v7iOCV9BZCBD-zAUTjjvZmq4jJfaTFIS7aRTY5efN37gG6N99e2g0XCLdNK7chiuQN1I0WKmNHfx3YiatIH7EsmmLfmmDqagos1UhR5ABo27G-arbga-Hm_z7xkD7wkoYyyWj-YHTK2znpu9g&amp;__tn__=-]K-y-R\">Gritlind Kettl<\/a>, Leiterin von <img loading=\"lazy\" decoding=\"async\" width=\"16\" height=\"16\" src=\"https:\/\/static.xx.fbcdn.net\/images\/emoji.php\/v9\/tdd\/1\/16\/1f1ea_1f1fa.png\" alt=\"\ud83c\uddea\ud83c\uddfa\"> EuropeDirect, mit dem Europa-Staatspreis ausgezeichnet.<\/p>\n\n\n\n<figure class=\"wp-block-image size-medium\"><img loading=\"lazy\" decoding=\"async\" width=\"300\" height=\"200\" src=\"https:\/\/www.borg-gastein.salzburg.at\/plo\/wp-content\/uploads\/2022\/05\/image-4-300x200.jpeg\" alt=\"\" class=\"wp-image-638\" srcset=\"https:\/\/www.borg-gastein.salzburg.at\/plo\/wp-content\/uploads\/2022\/05\/image-4-300x200.jpeg 300w, https:\/\/www.borg-gastein.salzburg.at\/plo\/wp-content\/uploads\/2022\/05\/image-4-768x512.jpeg 768w, https:\/\/www.borg-gastein.salzburg.at\/plo\/wp-content\/uploads\/2022\/05\/image-4.jpeg 810w\" sizes=\"auto, (max-width: 300px) 100vw, 300px\" \/><\/figure>\n\n\n\n<p>__________________________________________________________________________________________________<\/p>\n\n\n\n<h2 class=\"wp-block-heading\">Juli 2019<\/h2>\n\n\n\n<p>Unser \u201cRun for Lives\u201d war mit einer Spendensumme von \u00fcber 4.000\u20ac f\u00fcr die Kinderhilfe ein riesengro\u00dfer Erfolg! Aktuell berichten die <a href=\"https:\/\/www.facebook.com\/Pongau.MeinBezirk.at\/?__cft__[0]=AZXpozIAoOSP5CyVJ5gnBerb_O5_vRbA6WV8QNSjMl9kg4_cvqmcnEVc9i0FoOVoNz4sOsjO1RegxE6pAZ5SWRYZ6qc-HcST_r9GV4iHhEJPXnKrG_xEAcGqgu0-uDNzKSQpVAoLIBsNUUY_2UNh9z6pUPZY2hBbcxjL1jZZDcZTPQ&amp;__tn__=kK-R\">Bezirksbl\u00e4tter Pongau<\/a> (Konrad Rauscher) von unserem Sportevent. Gro\u00dfer Dank geb\u00fchrt den Organisatoren Prof. Gerald Siebenhandel und Prof. Herbert Hagen, der Marktgemeinde Bad Hofgastein f\u00fcr die gro\u00dfartige Unterst\u00fctzung sowie allen Sch\u00fclerInnen und ihren Sponsoren, durch deren Einsatz nun so viel Gutes getan werden kann.<\/p>\n\n\n\n<figure class=\"wp-block-image size-full\"><img loading=\"lazy\" decoding=\"async\" width=\"500\" height=\"261\" src=\"https:\/\/www.borg-gastein.salzburg.at\/plo\/wp-content\/uploads\/2022\/05\/image-5.jpeg\" alt=\"\" class=\"wp-image-641\" srcset=\"https:\/\/www.borg-gastein.salzburg.at\/plo\/wp-content\/uploads\/2022\/05\/image-5.jpeg 500w, https:\/\/www.borg-gastein.salzburg.at\/plo\/wp-content\/uploads\/2022\/05\/image-5-300x157.jpeg 300w\" sizes=\"auto, (max-width: 500px) 100vw, 500px\" \/><\/figure>\n\n\n\n<p>__________________________________________________________________________________________________<\/p>\n\n\n\n<h3 class=\"wp-block-heading\">Juni 2019<\/h3>\n\n\n\n<p>NEXT BIG NEWS!!!<img loading=\"lazy\" decoding=\"async\" width=\"16\" height=\"16\" src=\"https:\/\/static.xx.fbcdn.net\/images\/emoji.php\/v9\/t40\/1\/16\/1f4a5.png\" alt=\"\ud83d\udca5\"><img loading=\"lazy\" decoding=\"async\" width=\"16\" height=\"16\" src=\"https:\/\/static.xx.fbcdn.net\/images\/emoji.php\/v9\/t40\/1\/16\/1f4a5.png\" alt=\"\ud83d\udca5\"><img loading=\"lazy\" decoding=\"async\" width=\"16\" height=\"16\" src=\"https:\/\/static.xx.fbcdn.net\/images\/emoji.php\/v9\/t40\/1\/16\/1f4a5.png\" alt=\"\ud83d\udca5\"> Schon wieder einen Preis gewonnen!!<img loading=\"lazy\" decoding=\"async\" width=\"16\" height=\"16\" src=\"https:\/\/static.xx.fbcdn.net\/images\/emoji.php\/v9\/tbe\/1\/16\/1f3c6.png\" alt=\"\ud83c\udfc6\"><img loading=\"lazy\" decoding=\"async\" width=\"16\" height=\"16\" src=\"https:\/\/static.xx.fbcdn.net\/images\/emoji.php\/v9\/tbe\/1\/16\/1f3c6.png\" alt=\"\ud83c\udfc6\"><img loading=\"lazy\" decoding=\"async\" width=\"16\" height=\"16\" src=\"https:\/\/static.xx.fbcdn.net\/images\/emoji.php\/v9\/tbe\/1\/16\/1f3c6.png\" alt=\"\ud83c\udfc6\"> Diesmal den 4. Platz beim Wettbewerb <a href=\"https:\/\/www.facebook.com\/Falcogoesschool\/?__cft__[0]=AZXBZI_UgOqIWj8J9VN6BWnYXi1gBu_tXIC08RhgOdEd0YU88biPU1yZMpj-2M41nd5JwRNNPzDnWbq4cYpP5A1AyQdD058CWhom5teoPC1LDvxeuiw65_jW5pdQZj649yDisiqxUoI04mozZovmEUfZC6arYTuwCH_OeC5WJ5swFg&amp;__tn__=kK-R\">Helden von heute &#8211; Falco goes school<\/a><img loading=\"lazy\" decoding=\"async\" width=\"16\" height=\"16\" src=\"https:\/\/static.xx.fbcdn.net\/images\/emoji.php\/v9\/tb8\/1\/16\/1f64c_1f3fb.png\" alt=\"\ud83d\ude4c\ud83c\udffb\"><img loading=\"lazy\" decoding=\"async\" width=\"16\" height=\"16\" src=\"https:\/\/static.xx.fbcdn.net\/images\/emoji.php\/v9\/t97\/1\/16\/1f57a.png\" alt=\"\ud83d\udd7a\"><img loading=\"lazy\" decoding=\"async\" width=\"16\" height=\"16\" src=\"https:\/\/static.xx.fbcdn.net\/images\/emoji.php\/v9\/ta1\/1\/16\/1f61d.png\" alt=\"\ud83d\ude1d\">! Herzliche Gratulation an die Sch\u00fclergruppe aus Multimedia Art und Tontechnik rund um Professor <a href=\"https:\/\/www.facebook.com\/profile.php?id=100005376002633&amp;__cft__[0]=AZXBZI_UgOqIWj8J9VN6BWnYXi1gBu_tXIC08RhgOdEd0YU88biPU1yZMpj-2M41nd5JwRNNPzDnWbq4cYpP5A1AyQdD058CWhom5teoPC1LDvxeuiw65_jW5pdQZj649yDisiqxUoI04mozZovmEUfZC6arYTuwCH_OeC5WJ5swFg&amp;__tn__=-]K-R\">Christoph Plohovich<\/a> aka &#8222;The Cat Band&#8220; f\u00fcr die tolle Eigenkomposition &#8222;Frei sein&#8220; sowie das coole Video<img loading=\"lazy\" decoding=\"async\" width=\"16\" height=\"16\" src=\"https:\/\/static.xx.fbcdn.net\/images\/emoji.php\/v9\/tff\/1\/16\/1f3a5.png\" alt=\"\ud83c\udfa5\"><img loading=\"lazy\" decoding=\"async\" width=\"16\" height=\"16\" src=\"https:\/\/static.xx.fbcdn.net\/images\/emoji.php\/v9\/t1c\/1\/16\/270c_1f3fb.png\" alt=\"\u270c\ud83c\udffb\"><img loading=\"lazy\" decoding=\"async\" width=\"16\" height=\"16\" src=\"https:\/\/static.xx.fbcdn.net\/images\/emoji.php\/v9\/t83\/1\/16\/1f60e.png\" alt=\"\ud83d\ude0e\"><img loading=\"lazy\" decoding=\"async\" width=\"16\" height=\"16\" src=\"https:\/\/static.xx.fbcdn.net\/images\/emoji.php\/v9\/t9e\/1\/16\/1f3b5.png\" alt=\"\ud83c\udfb5\">!  Ein riesengro\u00dfes Dankesch\u00f6n an die <a href=\"https:\/\/www.facebook.com\/Falcoprivatstiftung\/?__cft__[0]=AZXBZI_UgOqIWj8J9VN6BWnYXi1gBu_tXIC08RhgOdEd0YU88biPU1yZMpj-2M41nd5JwRNNPzDnWbq4cYpP5A1AyQdD058CWhom5teoPC1LDvxeuiw65_jW5pdQZj649yDisiqxUoI04mozZovmEUfZC6arYTuwCH_OeC5WJ5swFg&amp;__tn__=kK-R\">Falco Privatstiftung<\/a><img loading=\"lazy\" decoding=\"async\" width=\"16\" height=\"16\" src=\"https:\/\/static.xx.fbcdn.net\/images\/emoji.php\/v9\/t71\/1\/16\/1f339.png\" alt=\"\ud83c\udf39\">, dass ihr euer Vorhaben, junge Talente auch l\u00e4ngerfristig zu begleiten und zu f\u00f6rdern, wirklich wahr macht. Das motiviert uns wirklich sehr!<img loading=\"lazy\" decoding=\"async\" width=\"16\" height=\"16\" src=\"https:\/\/static.xx.fbcdn.net\/images\/emoji.php\/v9\/t7f\/1\/16\/1f60a.png\" alt=\"\ud83d\ude0a\"><img loading=\"lazy\" decoding=\"async\" width=\"16\" height=\"16\" src=\"https:\/\/static.xx.fbcdn.net\/images\/emoji.php\/v9\/t13\/1\/16\/1f308.png\" alt=\"\ud83c\udf08\"><img loading=\"lazy\" decoding=\"async\" width=\"16\" height=\"16\" src=\"https:\/\/static.xx.fbcdn.net\/images\/emoji.php\/v9\/t7e\/1\/16\/1f3a4.png\" alt=\"\ud83c\udfa4\"><img loading=\"lazy\" decoding=\"async\" width=\"16\" height=\"16\" src=\"https:\/\/static.xx.fbcdn.net\/images\/emoji.php\/v9\/t21\/1\/16\/1f3b8.png\" alt=\"\ud83c\udfb8\"><img loading=\"lazy\" decoding=\"async\" width=\"16\" height=\"16\" src=\"https:\/\/static.xx.fbcdn.net\/images\/emoji.php\/v9\/tca\/1\/16\/1f3ba.png\" alt=\"\ud83c\udfba\"><img loading=\"lazy\" decoding=\"async\" width=\"16\" height=\"16\" src=\"https:\/\/static.xx.fbcdn.net\/images\/emoji.php\/v9\/ta2\/1\/16\/1f3b9.png\" alt=\"\ud83c\udfb9\"><img loading=\"lazy\" decoding=\"async\" width=\"16\" height=\"16\" src=\"https:\/\/static.xx.fbcdn.net\/images\/emoji.php\/v9\/t8e\/1\/16\/1f941.png\" alt=\"\ud83e\udd41\"><\/p>\n\n\n\n<figure class=\"wp-block-embed is-type-video is-provider-youtube wp-block-embed-youtube wp-embed-aspect-16-9 wp-has-aspect-ratio\"><div class=\"wp-block-embed__wrapper\">\n<iframe loading=\"lazy\" title=\"&quot;Frei sein&quot; Falco goes school 2019 BORG-Gastein\" width=\"640\" height=\"360\" src=\"https:\/\/www.youtube.com\/embed\/mwVPpVMvUL4?feature=oembed\" frameborder=\"0\" allow=\"accelerometer; autoplay; clipboard-write; encrypted-media; gyroscope; picture-in-picture; web-share\" referrerpolicy=\"strict-origin-when-cross-origin\" allowfullscreen><\/iframe>\n<\/div><\/figure>\n\n\n\n<p>__________________________________________________________________________________________________<\/p>\n\n\n\n<h3 class=\"wp-block-heading\">Juni 2019<\/h3>\n\n\n\n<p>BIG NEWS!!!<img loading=\"lazy\" decoding=\"async\" width=\"16\" height=\"16\" src=\"https:\/\/static.xx.fbcdn.net\/images\/emoji.php\/v9\/t40\/1\/16\/1f4a5.png\" alt=\"\ud83d\udca5\"><img loading=\"lazy\" decoding=\"async\" width=\"16\" height=\"16\" src=\"https:\/\/static.xx.fbcdn.net\/images\/emoji.php\/v9\/tc\/1\/16\/1f449_1f3fb.png\" alt=\"\ud83d\udc49\ud83c\udffb\">Wieder gewonnen!!!<img loading=\"lazy\" decoding=\"async\" width=\"16\" height=\"16\" src=\"https:\/\/static.xx.fbcdn.net\/images\/emoji.php\/v9\/tbe\/1\/16\/1f3c6.png\" alt=\"\ud83c\udfc6\"> Unsere Franz\u00f6sisch- und Multimedia-Gruppen der 6b haben k\u00fcrzlich den 1. Preis beim Franz\u00f6sisch-Filmwettbewerb &#8222;Karambolage&#8220; von <a href=\"https:\/\/www.facebook.com\/artede\/?__cft__[0]=AZW09S0EpTHoDp7kY2QdHm7bqFZ42O7hsradJdcxT5r7U3vibqoQUyCyFY_jz1ZClR58PlFoJE5bNVWQEl_efXLqtf_R_slz1g-UrW_quYZ6oRfZ63293oz4B17RRi1j0-Ifbzc6-vSmCMkyT_ieXCQf&amp;__tn__=kK-R\">Arte<\/a> gewonnen! Und wohin geht&#8217;s diesmal als Belohnung f\u00fcr den Gewinn? Nach Stra\u00dfburg! <img loading=\"lazy\" decoding=\"async\" width=\"16\" height=\"16\" src=\"https:\/\/static.xx.fbcdn.net\/images\/emoji.php\/v9\/tb8\/1\/16\/1f64c_1f3fb.png\" alt=\"\ud83d\ude4c\ud83c\udffb\">Wir sind super stolz auf euren Erfolg und freuen uns sehr mit euch!<img loading=\"lazy\" decoding=\"async\" width=\"16\" height=\"16\" src=\"https:\/\/static.xx.fbcdn.net\/images\/emoji.php\/v9\/t7f\/1\/16\/1f60a.png\" alt=\"\ud83d\ude0a\"><img loading=\"lazy\" decoding=\"async\" width=\"16\" height=\"16\" src=\"https:\/\/static.xx.fbcdn.net\/images\/emoji.php\/v9\/te7\/1\/16\/1f4aa_1f3fb.png\" alt=\"\ud83d\udcaa\ud83c\udffb\"><img loading=\"lazy\" decoding=\"async\" width=\"16\" height=\"16\" src=\"https:\/\/static.xx.fbcdn.net\/images\/emoji.php\/v9\/t71\/1\/16\/1f339.png\" alt=\"\ud83c\udf39\"><img loading=\"lazy\" decoding=\"async\" width=\"16\" height=\"16\" src=\"https:\/\/static.xx.fbcdn.net\/images\/emoji.php\/v9\/t83\/1\/16\/1f60e.png\" alt=\"\ud83d\ude0e\"><img loading=\"lazy\" decoding=\"async\" width=\"16\" height=\"16\" src=\"https:\/\/static.xx.fbcdn.net\/images\/emoji.php\/v9\/t97\/1\/16\/1f57a.png\" alt=\"\ud83d\udd7a\"><\/p>\n\n\n\n<figure class=\"wp-block-embed is-type-video is-provider-youtube wp-block-embed-youtube wp-embed-aspect-16-9 wp-has-aspect-ratio\"><div class=\"wp-block-embed__wrapper\">\n<iframe loading=\"lazy\" title=\"We did it!!! Dieses Video hat beim ARTE Karambolagewettbewerb 2019 den ersten Platz gemacht.\" width=\"640\" height=\"360\" src=\"https:\/\/www.youtube.com\/embed\/OjrQuBEmlpQ?start=17&#038;feature=oembed\" frameborder=\"0\" allow=\"accelerometer; autoplay; clipboard-write; encrypted-media; gyroscope; picture-in-picture; web-share\" referrerpolicy=\"strict-origin-when-cross-origin\" allowfullscreen><\/iframe>\n<\/div><\/figure>\n\n\n\n<p>__________________________________________________________________________________________________<\/p>\n\n\n\n<h3 class=\"wp-block-heading\">Juni 2019<\/h3>\n\n\n\n<p>Unsere Sch\u00fclergruppe, die Gewinner des <a href=\"https:\/\/www.facebook.com\/hashtag\/rapyoureu4peace?__eep__=6&amp;__cft__[0]=AZW71G59ZdKvvNgaRmhLJZa21kZGis2Sz0K2dazdrN437AyMy7zUVy_UzvUt6TctNoLyhGocT_yjgpcGJm8-DCp79G8UKOywVyPYqkn3ihXYl9Dno8bnhkUx-zVngPsxZW16DqQS9aaVoZ0_iO73oULV&amp;__tn__=*NK-R\">#rapyourEU4peace<\/a>-Wettbewerbs, schicken uns Gr\u00fc\u00dfe von ihrer spannenden Br\u00fcssel-Reise: BORGler*innen und ihre Lehrer*innen <a href=\"https:\/\/www.facebook.com\/julia.deutschmann.5?__cft__[0]=AZW71G59ZdKvvNgaRmhLJZa21kZGis2Sz0K2dazdrN437AyMy7zUVy_UzvUt6TctNoLyhGocT_yjgpcGJm8-DCp79G8UKOywVyPYqkn3ihXYl9Dno8bnhkUx-zVngPsxZW16DqQS9aaVoZ0_iO73oULV&amp;__tn__=-]K-R\">Julia Deutschmann<\/a><a href=\"https:\/\/www.facebook.com\/profile.php?id=100005376002633&amp;__cft__[0]=AZW71G59ZdKvvNgaRmhLJZa21kZGis2Sz0K2dazdrN437AyMy7zUVy_UzvUt6TctNoLyhGocT_yjgpcGJm8-DCp79G8UKOywVyPYqkn3ihXYl9Dno8bnhkUx-zVngPsxZW16DqQS9aaVoZ0_iO73oULV&amp;__tn__=-]K-R\">, <\/a><a href=\"https:\/\/www.facebook.com\/profile.php?id=100005376002633&amp;__cft__[0]=AZW71G59ZdKvvNgaRmhLJZa21kZGis2Sz0K2dazdrN437AyMy7zUVy_UzvUt6TctNoLyhGocT_yjgpcGJm8-DCp79G8UKOywVyPYqkn3ihXYl9Dno8bnhkUx-zVngPsxZW16DqQS9aaVoZ0_iO73oULV&amp;__tn__=-]K-R\">Christoph Plohovich<\/a> und Josch \u00d6ttl erkunden die EU-Kommission, das Parlamentarium, die \u00d6sterreichische Vertretung und das <a href=\"https:\/\/www.facebook.com\/salzburgerverbindungsbuero?__cft__[0]=AZW71G59ZdKvvNgaRmhLJZa21kZGis2Sz0K2dazdrN437AyMy7zUVy_UzvUt6TctNoLyhGocT_yjgpcGJm8-DCp79G8UKOywVyPYqkn3ihXYl9Dno8bnhkUx-zVngPsxZW16DqQS9aaVoZ0_iO73oULV&amp;__tn__=-]K-R\">Salzburger EU-Verbindungsb\u00fcro Br\u00fcssel<\/a><img loading=\"lazy\" decoding=\"async\" width=\"16\" height=\"16\" src=\"https:\/\/static.xx.fbcdn.net\/images\/emoji.php\/v9\/t37\/1\/16\/1f44c_1f3fc.png\" alt=\"\ud83d\udc4c\ud83c\udffc\">. Wir w\u00fcnschen euch viele lehrreiche Erfahrungen und auch weiterhin viel Spa\u00df bei dieser tollen Reise <img loading=\"lazy\" decoding=\"async\" width=\"16\" height=\"16\" src=\"https:\/\/static.xx.fbcdn.net\/images\/emoji.php\/v9\/t7f\/1\/16\/1f60a.png\" alt=\"\ud83d\ude0a\"> (siehe Bilder aus dem Photobooth des Parlamentariums)!<\/p>\n\n\n\n<figure class=\"wp-block-image size-medium\"><img loading=\"lazy\" decoding=\"async\" width=\"300\" height=\"200\" src=\"https:\/\/www.borg-gastein.salzburg.at\/plo\/wp-content\/uploads\/2022\/05\/image-6-300x200.jpeg\" alt=\"\" class=\"wp-image-649\" srcset=\"https:\/\/www.borg-gastein.salzburg.at\/plo\/wp-content\/uploads\/2022\/05\/image-6-300x200.jpeg 300w, https:\/\/www.borg-gastein.salzburg.at\/plo\/wp-content\/uploads\/2022\/05\/image-6-768x512.jpeg 768w, https:\/\/www.borg-gastein.salzburg.at\/plo\/wp-content\/uploads\/2022\/05\/image-6.jpeg 960w\" sizes=\"auto, (max-width: 300px) 100vw, 300px\" \/><\/figure>\n\n\n\n<p>__________________________________________________________________________________________________<\/p>\n\n\n\n<h3 class=\"wp-block-heading\">Juni 2019<\/h3>\n\n\n\n<p>Gestern beim Kaiviertelfest <img loading=\"lazy\" decoding=\"async\" width=\"16\" height=\"16\" src=\"https:\/\/static.xx.fbcdn.net\/images\/emoji.php\/v9\/tc\/1\/16\/1f449_1f3fb.png\" alt=\"\ud83d\udc49\ud83c\udffb\">Local Hero Stage &#8222;Hosted by BORG Gastein&#8220; am Wilfried-Haslauer-Platz. Super Stimmung, tolles Publikum und das Wetter hat gehalten<img loading=\"lazy\" decoding=\"async\" width=\"16\" height=\"16\" src=\"https:\/\/static.xx.fbcdn.net\/images\/emoji.php\/v9\/t53\/1\/16\/1f605.png\" alt=\"\ud83d\ude05\"> Danke an <a href=\"https:\/\/www.facebook.com\/profile.php?id=100010635283229&amp;__cft__[0]=AZUO2lrG5z6I5u2yNiQ-U-IsnYIX5k98wfVi2OCt3Hi8bZTof9c-Y4m-ij2qEHt8jdD1qhaYnnTpIqNQKYz6BEZDvmcBWdJ8763ZIBAUP8yF35wh8uHDSbi6L-P82DKg1rjKjxQFeHkwdG6gRZbyCu6M&amp;__tn__=-]K-R\">Marlene Ho<\/a> f\u00fcr deinen Support<img loading=\"lazy\" decoding=\"async\" width=\"16\" height=\"16\" src=\"https:\/\/static.xx.fbcdn.net\/images\/emoji.php\/v9\/t71\/1\/16\/1f339.png\" alt=\"\ud83c\udf39\">! Gratulation an die Sch\u00fclerInnen, f\u00fcr die es der erste Auftritt mit ihrer eigenen Musik war, <img loading=\"lazy\" decoding=\"async\" width=\"16\" height=\"16\" src=\"https:\/\/static.xx.fbcdn.net\/images\/emoji.php\/v9\/tc\/1\/16\/1f449_1f3fb.png\" alt=\"\ud83d\udc49\ud83c\udffb\">ihr habt das toll gemacht!<img loading=\"lazy\" decoding=\"async\" width=\"16\" height=\"16\" src=\"https:\/\/static.xx.fbcdn.net\/images\/emoji.php\/v9\/t37\/1\/16\/1f44c_1f3fc.png\" alt=\"\ud83d\udc4c\ud83c\udffc\">Die jungen K\u00fcnstlerInnen waren: Nadia Riswan (Solo); Viola Siller, Valentina Muschnig und Jacob Mayer (&#8222;The Rock Socks&#8220;); Sarah Brandauer und Annalena Bruha (Duo); Eva Hochfelsner (Solo).<\/p>\n\n\n\n<figure class=\"wp-block-image size-medium\"><img loading=\"lazy\" decoding=\"async\" width=\"225\" height=\"300\" src=\"https:\/\/www.borg-gastein.salzburg.at\/plo\/wp-content\/uploads\/2022\/05\/image-7-225x300.jpeg\" alt=\"\" class=\"wp-image-652\" srcset=\"https:\/\/www.borg-gastein.salzburg.at\/plo\/wp-content\/uploads\/2022\/05\/image-7-225x300.jpeg 225w, https:\/\/www.borg-gastein.salzburg.at\/plo\/wp-content\/uploads\/2022\/05\/image-7-450x600.jpeg 450w, https:\/\/www.borg-gastein.salzburg.at\/plo\/wp-content\/uploads\/2022\/05\/image-7.jpeg 720w\" sizes=\"auto, (max-width: 225px) 100vw, 225px\" \/><\/figure>\n\n\n\n<p>__________________________________________________________________________________________________<\/p>\n\n\n\n<h3 class=\"wp-block-heading\">Mai 2019<\/h3>\n\n\n\n<p>Die Sendung <a href=\"https:\/\/www.facebook.com\/DeinSong\/?__cft__[0]=AZVAq1v_wtQZUgsowM9Ny45voo7g1lpEsTfk7XKCOp7nDcnBiQlA3ZCWolDLmhpftUtqzqvEAcxCHxyw-VXFORs7YSw2hXVGmS2ePgm2koXcJDqgljCEaStfKF7kQcffQXb1GUpscZZ4TywMx80TyOq-5Xtkd6zcJN3TM4Ed05zruw&amp;__tn__=kK-R\">Dein Song<\/a> ist zwar schon vorbei, aber es freut uns, wenn unsere Sch\u00fclerInnen, wie z. B. hier Lily Hofmann, in den Medien zitiert werden.<\/p>\n\n\n\n<figure class=\"wp-block-image size-medium\"><img loading=\"lazy\" decoding=\"async\" width=\"300\" height=\"276\" src=\"https:\/\/www.borg-gastein.salzburg.at\/plo\/wp-content\/uploads\/2022\/05\/image-8-300x276.jpeg\" alt=\"\" class=\"wp-image-655\" srcset=\"https:\/\/www.borg-gastein.salzburg.at\/plo\/wp-content\/uploads\/2022\/05\/image-8-300x276.jpeg 300w, https:\/\/www.borg-gastein.salzburg.at\/plo\/wp-content\/uploads\/2022\/05\/image-8.jpeg 552w\" sizes=\"auto, (max-width: 300px) 100vw, 300px\" \/><\/figure>\n\n\n\n<p>__________________________________________________________________________________________________<\/p>\n\n\n\n<h3 class=\"wp-block-heading\">Mai 2019<\/h3>\n\n\n\n<p>Gestern durften wir die 25-Jahr-Feier der ClownDoctors Salzburg im Krankenhaus Schwarzach mit dem Chor der 6. Klassen (Ltg. <a href=\"https:\/\/www.facebook.com\/elisabeth.wieland.505?__cft__[0]=AZWpYJoVUN8X-3Nur0Kny31iWYShYSsZPgAhB0iFox-5uh0Xfc8M1DilOqR9FofMWMuX8CsaQ8aKUv_b_WeBWDBjRDiY518WbdTwsaLRijsc2e7Syn8Eo-M-73UEt0AdKQ2Wm_cZBiceq5g2-Z6yw4dI&amp;__tn__=-]K-R\">Elisabeth Wieland<\/a>) umrahmen. Es hat irrsinnig Spa\u00df gemacht, die Clowns sind wirklich gro\u00dfartig! Die Highlights waren f\u00fcr uns au\u00dferdem: der eigene &#8222;Tourbus&#8220;, die sch\u00f6nen Blumengeschenke und das k\u00f6stliche Buffet. <img loading=\"lazy\" decoding=\"async\" width=\"16\" height=\"16\" src=\"https:\/\/static.xx.fbcdn.net\/images\/emoji.php\/v9\/t4c\/1\/16\/1f642.png\" alt=\"\ud83d\ude42\">Fotocredits: ClownDoctors Salzburg<\/p>\n\n\n\n<figure class=\"wp-block-image size-full\"><img loading=\"lazy\" decoding=\"async\" width=\"594\" height=\"395\" src=\"https:\/\/www.borg-gastein.salzburg.at\/plo\/wp-content\/uploads\/2022\/05\/image-9.jpeg\" alt=\"\" class=\"wp-image-659\" srcset=\"https:\/\/www.borg-gastein.salzburg.at\/plo\/wp-content\/uploads\/2022\/05\/image-9.jpeg 594w, https:\/\/www.borg-gastein.salzburg.at\/plo\/wp-content\/uploads\/2022\/05\/image-9-300x199.jpeg 300w\" sizes=\"auto, (max-width: 594px) 100vw, 594px\" \/><\/figure>\n\n\n\n<p>__________________________________________________________________________________________________<\/p>\n\n\n\n<h3 class=\"wp-block-heading\">Mai 2019<\/h3>\n\n\n\n<p> Jam-Session der <a href=\"https:\/\/www.facebook.com\/kulturplattform\/?__cft__[0]=AZVgOomNd4HYXkFUfDP7qcusow_eT_WOZ1DRzGIMgufo0E_PfawiMNGXiWk5K520fNQRaWcd2nYqUTOQOLiu8xfzJY1J1LsoBZfe3WGc7nhkmFER71SGPRSutHSiLTq0qRhtICXf1jOMilsCzl47QbZC&amp;__tn__=kK-R\">kultur:plattform st.johann\/pg.<\/a>  <img loading=\"lazy\" decoding=\"async\" width=\"16\" height=\"16\" src=\"https:\/\/static.xx.fbcdn.net\/images\/emoji.php\/v9\/t7e\/1\/16\/1f3a4.png\" alt=\"\ud83c\udfa4\"><img loading=\"lazy\" decoding=\"async\" width=\"16\" height=\"16\" src=\"https:\/\/static.xx.fbcdn.net\/images\/emoji.php\/v9\/tca\/1\/16\/1f3ba.png\" alt=\"\ud83c\udfba\"><img loading=\"lazy\" decoding=\"async\" width=\"16\" height=\"16\" src=\"https:\/\/static.xx.fbcdn.net\/images\/emoji.php\/v9\/t21\/1\/16\/1f3b8.png\" alt=\"\ud83c\udfb8\"><img loading=\"lazy\" decoding=\"async\" width=\"16\" height=\"16\" src=\"https:\/\/static.xx.fbcdn.net\/images\/emoji.php\/v9\/t8e\/1\/16\/1f941.png\" alt=\"\ud83e\udd41\"><img loading=\"lazy\" decoding=\"async\" width=\"16\" height=\"16\" src=\"https:\/\/static.xx.fbcdn.net\/images\/emoji.php\/v9\/ta2\/1\/16\/1f3b9.png\" alt=\"\ud83c\udfb9\"> Danke, dass wir bei euch auftreten durften! <img loading=\"lazy\" decoding=\"async\" width=\"16\" height=\"16\" src=\"https:\/\/static.xx.fbcdn.net\/images\/emoji.php\/v9\/t77\/1\/16\/1f44d_1f3fb.png\" alt=\"\ud83d\udc4d\ud83c\udffb\"><img loading=\"lazy\" decoding=\"async\" width=\"16\" height=\"16\" src=\"https:\/\/static.xx.fbcdn.net\/images\/emoji.php\/v9\/t7e\/1\/16\/1f64f_1f3fe.png\" alt=\"\ud83d\ude4f\ud83c\udffe\"><\/p>\n\n\n\n<figure class=\"wp-block-image\"><img decoding=\"async\" src=\"https:\/\/external.fszg1-1.fna.fbcdn.net\/safe_image.php?w=500&amp;h=261&amp;url=https%3A%2F%2Flive.staticflickr.com%2F65535%2F47846331982_f990b4876b_b.jpg&amp;cfs=1&amp;sx=0&amp;sy=49&amp;sw=1024&amp;sh=535&amp;ext=jpg&amp;_nc_oe=70141&amp;_nc_sid=632586&amp;_nc_o2e=1&amp;ccb=3-6&amp;_nc_hash=AQEHATAocCbtW7B-\" alt=\"Jam:Session mit dem BORG Gastein\"\/><\/figure>\n\n\n\n<p>__________________________________________________________________________________________________<\/p>\n\n\n\n<h3 class=\"wp-block-heading\">Mai 2019<\/h3>\n\n\n\n<p>Hier die ersten Eindr\u00fccke vom heutigen Auftritt unserer jungen Ch\u00f6re der 5. u. 6. Klassen unter der Leitung von <a href=\"https:\/\/www.facebook.com\/maggiefaltin?__cft__[0]=AZVHZo8OUUtjdTzB0tqRiG30MxPIui0RanAeKKydVdg--4SSN5A0Tbe46mHetn2cTZdK3SuOFhZ6EnPAvBi-_iaM5lhlph13QRIZB00GdOmSK9OXvHJz7sYS3SfBDEllnbk8FCzYK2Bvivvw-jv0g_H7&amp;__tn__=-]K-R\">Maggie Faltin<\/a> und <a href=\"https:\/\/www.facebook.com\/elisabeth.wieland.505?__cft__[0]=AZVHZo8OUUtjdTzB0tqRiG30MxPIui0RanAeKKydVdg--4SSN5A0Tbe46mHetn2cTZdK3SuOFhZ6EnPAvBi-_iaM5lhlph13QRIZB00GdOmSK9OXvHJz7sYS3SfBDEllnbk8FCzYK2Bvivvw-jv0g_H7&amp;__tn__=-]K-R\">Elisabeth Wieland<\/a> beim Bezirksjugendsingen Bischofshofen. Wir freuen uns jedes Jahr auf diese Veranstaltung, vor allem auf die tollen und spannenden Darbietungen der zahlreichen Schulch\u00f6re unseres Bezirkes. Heute waren knapp 900 singende Kinder und Jugendliche am Vormittag dabei! <img loading=\"lazy\" decoding=\"async\" width=\"16\" height=\"16\" src=\"https:\/\/static.xx.fbcdn.net\/images\/emoji.php\/v9\/t77\/1\/16\/1f44d_1f3fb.png\" alt=\"\ud83d\udc4d\ud83c\udffb\"><\/p>\n\n\n\n<figure class=\"wp-block-image size-full\"><img loading=\"lazy\" decoding=\"async\" width=\"960\" height=\"693\" src=\"https:\/\/www.borg-gastein.salzburg.at\/plo\/wp-content\/uploads\/2022\/05\/image-10.jpeg\" alt=\"\" class=\"wp-image-663\" srcset=\"https:\/\/www.borg-gastein.salzburg.at\/plo\/wp-content\/uploads\/2022\/05\/image-10.jpeg 960w, https:\/\/www.borg-gastein.salzburg.at\/plo\/wp-content\/uploads\/2022\/05\/image-10-300x217.jpeg 300w, https:\/\/www.borg-gastein.salzburg.at\/plo\/wp-content\/uploads\/2022\/05\/image-10-768x554.jpeg 768w\" sizes=\"auto, (max-width: 960px) 100vw, 960px\" \/><\/figure>\n\n\n\n<p>__________________________________________________________________________________________________<\/p>\n\n\n\n<h3 class=\"wp-block-heading\">April 2019<\/h3>\n\n\n\n<p>Und schon wieder eine Erfolgsmeldung aus unserer Tanzabteilung! <img loading=\"lazy\" decoding=\"async\" width=\"16\" height=\"16\" src=\"https:\/\/static.xx.fbcdn.net\/images\/emoji.php\/v9\/t2\/1\/16\/1f483_1f3fb.png\" alt=\"\ud83d\udc83\ud83c\udffb\"> Vergangenes Wochenende haben sie schon wieder einen Pokal &#8222;abgestaubt&#8220;! <img loading=\"lazy\" decoding=\"async\" width=\"16\" height=\"16\" src=\"https:\/\/static.xx.fbcdn.net\/images\/emoji.php\/v9\/t96\/1\/16\/1f949.png\" alt=\"\ud83e\udd49\"><img loading=\"lazy\" decoding=\"async\" width=\"16\" height=\"16\" src=\"https:\/\/static.xx.fbcdn.net\/images\/emoji.php\/v9\/t96\/1\/16\/1f949.png\" alt=\"\ud83e\udd49\"><img loading=\"lazy\" decoding=\"async\" width=\"16\" height=\"16\" src=\"https:\/\/static.xx.fbcdn.net\/images\/emoji.php\/v9\/t96\/1\/16\/1f949.png\" alt=\"\ud83e\udd49\">3. Platz!!! \u00d6sterreich-Meisterschaft von <a href=\"https:\/\/www.facebook.com\/dancestar.world\/?__cft__[0]=AZXl9kTfN72IqYqjMFv885lY3gJ9JkOtgAJz1C2NIscFohjdO37ai5TB75pKdxjf7tacJ1oZS2_pboRqgC7mpOM3AVJ1OFzkDqA1WjgYC1yAKX8wwL47jmHPUDErGNEZMMNbVRHzTy9mJTdSg7npKWyH&amp;__tn__=kK-R\">DanceStar ESDU<\/a> in Zell am See<img loading=\"lazy\" decoding=\"async\" width=\"16\" height=\"16\" src=\"https:\/\/static.xx.fbcdn.net\/images\/emoji.php\/v9\/t77\/1\/16\/1f44d_1f3fb.png\" alt=\"\ud83d\udc4d\ud83c\udffb\"> Next stop: Weltmeisterschaft in Porec! Wir gratulieren recht <img loading=\"lazy\" decoding=\"async\" width=\"16\" height=\"16\" src=\"https:\/\/static.xx.fbcdn.net\/images\/emoji.php\/v9\/tac\/1\/16\/2665.png\" alt=\"\u2665\ufe0f\">lich und dr\u00fccken weiterhin die Daumen<img loading=\"lazy\" decoding=\"async\" width=\"16\" height=\"16\" src=\"https:\/\/static.xx.fbcdn.net\/images\/emoji.php\/v9\/t87\/1\/16\/1f340.png\" alt=\"\ud83c\udf40\">!<\/p>\n\n\n\n<figure class=\"wp-block-image\"><img decoding=\"async\" src=\"https:\/\/scontent.fszg1-1.fna.fbcdn.net\/v\/t1.6435-9\/56575880_10157177384381484_5875254182750978048_n.jpg?_nc_cat=108&amp;ccb=1-6&amp;_nc_sid=8bfeb9&amp;_nc_ohc=8E8sj-ITziEAX9XM2Gy&amp;_nc_ht=scontent.fszg1-1.fna&amp;oh=00_AT_rVEsvFdDuSS_cvZiUu77VOPxqM8IKEi9uHt77qTllPg&amp;oe=62A4338E\" alt=\"Keine Fotobeschreibung verf\u00fcgbar.\"\/><\/figure>\n\n\n\n<p>__________________________________________________________________________________________________<\/p>\n\n\n\n<h3 class=\"wp-block-heading\">April 2019<\/h3>\n\n\n\n<p>Wow! Wir bekamen heute die ersten tollen Einblicke bei der Generalprobe der Musik-NMS St. Johann. Unser Team der Tontechnik-Abteilung mit Prof. Plohovich unterst\u00fctzt die aktuelle Musicalproduktion. Ab morgen starten die Auff\u00fchrungen. Alles Gute nach St. Johann! <img loading=\"lazy\" decoding=\"async\" width=\"16\" height=\"16\" src=\"https:\/\/static.xx.fbcdn.net\/images\/emoji.php\/v9\/t77\/1\/16\/1f44d_1f3fb.png\" alt=\"\ud83d\udc4d\ud83c\udffb\"><img loading=\"lazy\" decoding=\"async\" width=\"16\" height=\"16\" src=\"https:\/\/static.xx.fbcdn.net\/images\/emoji.php\/v9\/t9e\/1\/16\/1f3b5.png\" alt=\"\ud83c\udfb5\"><img loading=\"lazy\" decoding=\"async\" width=\"16\" height=\"16\" src=\"https:\/\/static.xx.fbcdn.net\/images\/emoji.php\/v9\/t7e\/1\/16\/1f3a4.png\" alt=\"\ud83c\udfa4\"><img loading=\"lazy\" decoding=\"async\" width=\"16\" height=\"16\" src=\"https:\/\/static.xx.fbcdn.net\/images\/emoji.php\/v9\/t21\/1\/16\/1f3b8.png\" alt=\"\ud83c\udfb8\">N\u00e4here Informationen gibt&#8217;s im Bericht der <a href=\"https:\/\/www.facebook.com\/Pongau.MeinBezirk.at\/?__cft__[0]=AZWkCQ3q_O0QLNsnSTsQCzEcQD4RGqyYO1N7whXz61zAaIsxTEl1wUole7I2JQ89656ZCyp2JNE-vzNSe-fbUXcJ1Ub0doAt86JeZYlX9hnjeuEzkTEoaPqEsT1ZmhOA6J5BFg3yX4raY_XHXJDZbKfib1E0OL-X1d4EuI3TfTI-ng&amp;__tn__=kK-R\">Bezirksbl\u00e4tter Pongau<\/a>: <a rel=\"noreferrer noopener\" href=\"https:\/\/l.facebook.com\/l.php?u=https%3A%2F%2Fwww.meinbezirk.at%2Fevent%2Fpongau%2Fc-konzert-buehne-kino%2Fmobbilon-musical-der-nms-st-johann_e309996%3Fref%3Dcurate%26fbclid%3DIwAR1ZBRRSdxWf0FC6CuEeMR2_HPwXscJJvQFRqu2bjB7q4mZ0a1DGWDDyIAA&amp;h=AT1ZTpPRjktkql7rmgkza8_8d9G4zPmv0hB4P76RIjtSbToiDl198nxVz7t4R1o_1X2WaVpza8sycshP1UTOwnJG3tNfSaeczlF_udetVP-n42oC6tDbbmRQF-RwHrH8QWEJ&amp;__tn__=-UK-R&amp;c[0]=AT2VUVPAJyhgqAeQW6a6jlUGiGQPKFe8jgur0yfIHEQiZJ06dk3AfQaMTPUcVcRSdgHriAsts5vQMKb1vTdpB2tQ9iqQnidIey_AmtWInLct9JyiOynrFkcSkjN3VQswaH6oWc2X503Ayh5IegtC5-pEBGmWPNC2MyjlvBv6-ZH75dcFW5heeqOczuGAt9vbPwToauVz\" target=\"_blank\">https:\/\/www.meinbezirk.at\/&#8230;\/mobbilon-musical-der-nms-st&#8230;<\/a><\/p>\n\n\n\n<figure class=\"wp-block-image size-full\"><img loading=\"lazy\" decoding=\"async\" width=\"640\" height=\"360\" src=\"https:\/\/www.borg-gastein.salzburg.at\/plo\/wp-content\/uploads\/2022\/05\/image-11.jpeg\" alt=\"\" class=\"wp-image-667\" srcset=\"https:\/\/www.borg-gastein.salzburg.at\/plo\/wp-content\/uploads\/2022\/05\/image-11.jpeg 640w, https:\/\/www.borg-gastein.salzburg.at\/plo\/wp-content\/uploads\/2022\/05\/image-11-300x169.jpeg 300w\" sizes=\"auto, (max-width: 640px) 100vw, 640px\" \/><\/figure>\n\n\n\n<p>__________________________________________________________________________________________________<\/p>\n\n\n\n<h3 class=\"wp-block-heading\">M\u00e4rz 2019<\/h3>\n\n\n\n<p>2. Platz f\u00fcr unsere T\u00e4nzerinnen!!! <img loading=\"lazy\" decoding=\"async\" width=\"16\" height=\"16\" src=\"https:\/\/static.xx.fbcdn.net\/images\/emoji.php\/v9\/t2\/1\/16\/1f483_1f3fb.png\" alt=\"\ud83d\udc83\ud83c\udffb\"><img loading=\"lazy\" decoding=\"async\" width=\"16\" height=\"16\" src=\"https:\/\/static.xx.fbcdn.net\/images\/emoji.php\/v9\/t2\/1\/16\/1f483_1f3fb.png\" alt=\"\ud83d\udc83\ud83c\udffb\"><img loading=\"lazy\" decoding=\"async\" width=\"16\" height=\"16\" src=\"https:\/\/static.xx.fbcdn.net\/images\/emoji.php\/v9\/t2\/1\/16\/1f483_1f3fb.png\" alt=\"\ud83d\udc83\ud83c\udffb\">Wow!!! <img loading=\"lazy\" decoding=\"async\" width=\"16\" height=\"16\" src=\"https:\/\/static.xx.fbcdn.net\/images\/emoji.php\/v9\/tb4\/1\/16\/2b50.png\" alt=\"\u2b50\ufe0f\"><img loading=\"lazy\" decoding=\"async\" width=\"16\" height=\"16\" src=\"https:\/\/static.xx.fbcdn.net\/images\/emoji.php\/v9\/tb4\/1\/16\/2b50.png\" alt=\"\u2b50\ufe0f\"><img loading=\"lazy\" decoding=\"async\" width=\"16\" height=\"16\" src=\"https:\/\/static.xx.fbcdn.net\/images\/emoji.php\/v9\/tb4\/1\/16\/2b50.png\" alt=\"\u2b50\ufe0f\"> Herzliche Gratulation den Sch\u00fclerinnen (unter der Leitung von Prof. Petrova bei den \u00f6sterreichischen Meisterschaften von <a href=\"https:\/\/www.facebook.com\/dancestar.world\/?__cft__[0]=AZX2gzO8rWMJa-HYQLYFAHMi_Ufb1H0BjZDHF-h6WE28bfUvecRuTOWjvJXlJHX_myOXZhjXF1kzcZcBxdfJ4vK_vtu8AMIwnMA3YEVRV0fIabWUpK_XtRWUiA47PKOllqspno59hAmnKu3Ba-Q35-ac&amp;__tn__=kK-R\">DanceStar ESDU<\/a> in Baden)!<\/p>\n\n\n\n<figure class=\"wp-block-image size-full\"><img loading=\"lazy\" decoding=\"async\" width=\"526\" height=\"701\" src=\"https:\/\/www.borg-gastein.salzburg.at\/plo\/wp-content\/uploads\/2022\/05\/image-12.jpeg\" alt=\"\" class=\"wp-image-668\" srcset=\"https:\/\/www.borg-gastein.salzburg.at\/plo\/wp-content\/uploads\/2022\/05\/image-12.jpeg 526w, https:\/\/www.borg-gastein.salzburg.at\/plo\/wp-content\/uploads\/2022\/05\/image-12-225x300.jpeg 225w, https:\/\/www.borg-gastein.salzburg.at\/plo\/wp-content\/uploads\/2022\/05\/image-12-450x600.jpeg 450w\" sizes=\"auto, (max-width: 526px) 100vw, 526px\" \/><\/figure>\n\n\n\n<p>__________________________________________________________________________________________________<\/p>\n\n\n\n<h3 class=\"wp-block-heading\">M\u00e4rz 2019<\/h3>\n\n\n\n<p>LILY IST IM FINALE VON <a href=\"https:\/\/www.facebook.com\/DeinSong\/?__cft__[0]=AZXMw768VavTIsfl08EKJVk3AEX_zy5iS0zNDLLtZaa2YXDGVlBGX5MXR8OAHmN_JC3iavTked1ljc9o0LKMM2exL51CbMfqHq-Cz3gROySV0MZkT-aWsEJ5gadKSJ0TtAyeAg_idNddQe9N9jvG-Use&amp;__tn__=kK-R\">Dein Song<\/a>!!!!!<img loading=\"lazy\" decoding=\"async\" width=\"16\" height=\"16\" src=\"https:\/\/static.xx.fbcdn.net\/images\/emoji.php\/v9\/t40\/1\/16\/1f4a5.png\" alt=\"\ud83d\udca5\"><img loading=\"lazy\" decoding=\"async\" width=\"16\" height=\"16\" src=\"https:\/\/static.xx.fbcdn.net\/images\/emoji.php\/v9\/t8c\/1\/16\/1f389.png\" alt=\"\ud83c\udf89\"><img loading=\"lazy\" decoding=\"async\" width=\"16\" height=\"16\" src=\"https:\/\/static.xx.fbcdn.net\/images\/emoji.php\/v9\/t6c\/1\/16\/2764.png\" alt=\"\u2764\ufe0f\">Wir gratulieren dir von ganzem Herzen!!! <img loading=\"lazy\" decoding=\"async\" width=\"16\" height=\"16\" src=\"https:\/\/static.xx.fbcdn.net\/images\/emoji.php\/v9\/t6c\/1\/16\/2764.png\" alt=\"\u2764\ufe0f\"><img loading=\"lazy\" decoding=\"async\" width=\"16\" height=\"16\" src=\"https:\/\/static.xx.fbcdn.net\/images\/emoji.php\/v9\/t8c\/1\/16\/1f389.png\" alt=\"\ud83c\udf89\">Am Freitag hei\u00dft\u00b4s GANZ FEST Daumen dr\u00fccken <img loading=\"lazy\" decoding=\"async\" width=\"16\" height=\"16\" src=\"https:\/\/static.xx.fbcdn.net\/images\/emoji.php\/v9\/t77\/1\/16\/1f44d_1f3fb.png\" alt=\"\ud83d\udc4d\ud83c\udffb\">!<\/p>\n\n\n\n<figure class=\"wp-block-image\"><img decoding=\"async\" src=\"https:\/\/scontent.fszg1-1.fna.fbcdn.net\/v\/t1.6435-9\/53419616_10157125275711484_5067499576018075648_n.jpg?_nc_cat=102&amp;ccb=1-6&amp;_nc_sid=8bfeb9&amp;_nc_ohc=LtN_UQ5THYEAX8fbRGa&amp;_nc_ht=scontent.fszg1-1.fna&amp;oh=00_AT8mKozeTzsMKrRhDY7TVnFcxGxzWh0oONEJJyd3HoMyug&amp;oe=62A11216\" alt=\"Keine Fotobeschreibung verf\u00fcgbar.\"\/><\/figure>\n\n\n\n<p>__________________________________________________________________________________________________<\/p>\n\n\n\n<h3 class=\"wp-block-heading\">M\u00e4rz 2019<\/h3>\n\n\n\n<p>Was f\u00fcr eine Woche! Unsere Absolventin <a href=\"https:\/\/www.facebook.com\/matheaelisabeth?__cft__[0]=AZW0nm1ZudegbzqhZ7OeFGu67aEYI3RLFRiVNaTIb53yDpzxgiAk95ePErtrN7sTrAerjjkfG06UIlnx-5whknYm4R3UmCtVrYNSoDNcRGyCtbP7geFcy_8mIfGH6aU1of1VHh_Lt5V7wT3Lk8L7bFrv&amp;__tn__=-]K-R\">Mathea<\/a> ist diese Woche in den Charts von <a href=\"https:\/\/www.facebook.com\/oe3\/?__cft__[0]=AZW0nm1ZudegbzqhZ7OeFGu67aEYI3RLFRiVNaTIb53yDpzxgiAk95ePErtrN7sTrAerjjkfG06UIlnx-5whknYm4R3UmCtVrYNSoDNcRGyCtbP7geFcy_8mIfGH6aU1of1VHh_Lt5V7wT3Lk8L7bFrv&amp;__tn__=kK-R\">Hitradio \u00d63<\/a> auf Platz 2 geh\u00fcpft! Wie das wohl weitergeht&#8230;? <img loading=\"lazy\" decoding=\"async\" width=\"16\" height=\"16\" src=\"https:\/\/static.xx.fbcdn.net\/images\/emoji.php\/v9\/tfb\/1\/16\/263a.png\" alt=\"\u263a\ufe0f\"> Vergesst nicht, f\u00fcr sie als Songwriterin des Jahres bei den <a href=\"https:\/\/www.facebook.com\/AmadeusAwards\/?__cft__[0]=AZW0nm1ZudegbzqhZ7OeFGu67aEYI3RLFRiVNaTIb53yDpzxgiAk95ePErtrN7sTrAerjjkfG06UIlnx-5whknYm4R3UmCtVrYNSoDNcRGyCtbP7geFcy_8mIfGH6aU1of1VHh_Lt5V7wT3Lk8L7bFrv&amp;__tn__=kK-R\">Amadeus Austrian Music Awards<\/a> zu voten! <img loading=\"lazy\" decoding=\"async\" width=\"16\" height=\"16\" src=\"https:\/\/static.xx.fbcdn.net\/images\/emoji.php\/v9\/tfc\/1\/16\/1f44d.png\" alt=\"\ud83d\udc4d\"><a rel=\"noreferrer noopener\" href=\"https:\/\/oe3.orf.at\/charts\/stories\/oe3austriatop40\/?fbclid=IwAR2o87wAVGnDt1lCH55nfsHdqNHF6IQYaL4GV99mY92OwmswastEYm9ZlfI\" target=\"_blank\">https:\/\/oe3.orf.at\/charts\/stories\/oe3austriatop40\/<\/a><\/p>\n\n\n\n<p>__________________________________________________________________________________________________<\/p>\n\n\n\n<h3 class=\"wp-block-heading\">Februar 2019<\/h3>\n\n\n\n<p>Letzten Donnerstag ging es f\u00fcr unser BORG-Fu\u00dfballteam zu den Futsal-Landesmeisterschaften nach Salzburg Rif. Nach der Gruppenphase war an diesem Tag leider Endstation, jedoch kann man sich aufgrund der ambitionierten Leistung des j\u00fcngsten Teams des Turniers schon auf die Zukunft freuen.<img loading=\"lazy\" decoding=\"async\" width=\"16\" height=\"16\" src=\"https:\/\/static.xx.fbcdn.net\/images\/emoji.php\/v9\/t6c\/1\/16\/1f4aa.png\" alt=\"\ud83d\udcaa\"><img loading=\"lazy\" decoding=\"async\" width=\"16\" height=\"16\" src=\"https:\/\/static.xx.fbcdn.net\/images\/emoji.php\/v9\/t6c\/1\/16\/1f4aa.png\" alt=\"\ud83d\udcaa\"><img loading=\"lazy\" decoding=\"async\" width=\"16\" height=\"16\" src=\"https:\/\/static.xx.fbcdn.net\/images\/emoji.php\/v9\/t6c\/1\/16\/1f4aa.png\" alt=\"\ud83d\udcaa\"><\/p>\n\n\n\n<figure class=\"wp-block-image\"><img decoding=\"async\" src=\"https:\/\/scontent.fszg1-1.fna.fbcdn.net\/v\/t1.6435-9\/52729395_10157081856131484_764331950499430400_n.jpg?stp=dst-jpg_p180x540&amp;_nc_cat=106&amp;ccb=1-6&amp;_nc_sid=8bfeb9&amp;_nc_ohc=XU1gA8bTV3IAX_4qDUg&amp;_nc_ht=scontent.fszg1-1.fna&amp;oh=00_AT9jkykX0ENg_687a1Pw_UKmvHb1vnKlCNYo6NmOsLF2zg&amp;oe=62A26FCF\" alt=\"Ist m\u00f6glicherweise ein Bild von 6 Personen\"\/><\/figure>\n\n\n\n<p>__________________________________________________________________________________________________<\/p>\n\n\n\n<h3 class=\"wp-block-heading\">Februar 2019<\/h3>\n\n\n\n<p>BIG NEWS!!!<img loading=\"lazy\" decoding=\"async\" width=\"16\" height=\"16\" src=\"https:\/\/static.xx.fbcdn.net\/images\/emoji.php\/v9\/t40\/1\/16\/1f4a5.png\" alt=\"\ud83d\udca5\"><img loading=\"lazy\" decoding=\"async\" width=\"16\" height=\"16\" src=\"https:\/\/static.xx.fbcdn.net\/images\/emoji.php\/v9\/t40\/1\/16\/1f4a5.png\" alt=\"\ud83d\udca5\"><img loading=\"lazy\" decoding=\"async\" width=\"16\" height=\"16\" src=\"https:\/\/static.xx.fbcdn.net\/images\/emoji.php\/v9\/t40\/1\/16\/1f4a5.png\" alt=\"\ud83d\udca5\">Unsere Absolventin <a href=\"https:\/\/www.facebook.com\/matheaelisabeth?__cft__[0]=AZX2jktijI_QU3_RIsfwnLbmxJm8DKoda32DlLUyFrjuQn9F4uSurYQ0VqmXVKZNRTHf1ZAJuQDci4g7UqoQpvUQVKgcjFtu6GxrtulClr7FzoMPSlHyhKmOPbtR0yySYsJWwinzdvCx3f53zCh2A4T6N1B_ttOHbyqfvQLV7bAkOQ&amp;__tn__=-]K-R\">Mathea<\/a> ist f\u00fcr ihren Song &#8222;2x&#8220; beim <a href=\"https:\/\/www.facebook.com\/AmadeusAwards\/?__cft__[0]=AZX2jktijI_QU3_RIsfwnLbmxJm8DKoda32DlLUyFrjuQn9F4uSurYQ0VqmXVKZNRTHf1ZAJuQDci4g7UqoQpvUQVKgcjFtu6GxrtulClr7FzoMPSlHyhKmOPbtR0yySYsJWwinzdvCx3f53zCh2A4T6N1B_ttOHbyqfvQLV7bAkOQ&amp;__tn__=kK-R\">Amadeus Austrian Music Award<\/a> in der Kategorie &#8222;Songwriter des Jahres&#8220; nominiert worden!! <img loading=\"lazy\" decoding=\"async\" width=\"16\" height=\"16\" src=\"https:\/\/static.xx.fbcdn.net\/images\/emoji.php\/v9\/t7e\/1\/16\/1f3a4.png\" alt=\"\ud83c\udfa4\"><img loading=\"lazy\" decoding=\"async\" width=\"16\" height=\"16\" src=\"https:\/\/static.xx.fbcdn.net\/images\/emoji.php\/v9\/t9e\/1\/16\/1f3b5.png\" alt=\"\ud83c\udfb5\">Jetzt hei\u00dft&#8217;s voten, voten, voten &#8211; <img loading=\"lazy\" decoding=\"async\" width=\"16\" height=\"16\" src=\"https:\/\/static.xx.fbcdn.net\/images\/emoji.php\/v9\/tc\/1\/16\/1f449_1f3fb.png\" alt=\"\ud83d\udc49\ud83c\udffb\"> an allen 7 Tagen m\u00f6glich.<img loading=\"lazy\" decoding=\"async\" width=\"16\" height=\"16\" src=\"https:\/\/static.xx.fbcdn.net\/images\/emoji.php\/v9\/t77\/1\/16\/1f44d_1f3fb.png\" alt=\"\ud83d\udc4d\ud83c\udffb\">Bitte unterst\u00fctzt sie und ihre Musik und teilt diese Frohbotschaft, danke <img loading=\"lazy\" decoding=\"async\" width=\"16\" height=\"16\" src=\"https:\/\/static.xx.fbcdn.net\/images\/emoji.php\/v9\/t7e\/1\/16\/1f64f_1f3fe.png\" alt=\"\ud83d\ude4f\ud83c\udffe\">!<\/p>\n\n\n\n<figure class=\"wp-block-image\"><img decoding=\"async\" src=\"https:\/\/scontent.fszg1-1.fna.fbcdn.net\/v\/t1.6435-9\/52384523_10158041897162281_533158814715740160_n.jpg?stp=dst-jpg_p526x296&amp;_nc_cat=100&amp;ccb=1-6&amp;_nc_sid=730e14&amp;_nc_ohc=TtjIT2x00WYAX-LKBMu&amp;tn=rEAndSlaKwfunEMr&amp;_nc_ht=scontent.fszg1-1.fna&amp;oh=00_AT9mqNob-yKTyBdO5GzjbP6t8YHQQJSrIL9qBNq1VNhR8w&amp;oe=62A401B4\" alt=\"Keine Fotobeschreibung verf\u00fcgbar.\"\/><\/figure>\n\n\n\n<p>__________________________________________________________________________________________________<\/p>\n\n\n\n<h3 class=\"wp-block-heading\">J\u00e4nner 2019<\/h3>\n\n\n\n<p>Was tun einige unserer Sch\u00fcler*innen in ihrer Freizeit? Ganz klar: Musik machen, Songs schreiben &#8211; und damit f\u00fcr den Frieden singen und k\u00e4mpfen.<img loading=\"lazy\" decoding=\"async\" width=\"16\" height=\"16\" src=\"https:\/\/static.xx.fbcdn.net\/images\/emoji.php\/v9\/t60\/1\/16\/262e.png\" alt=\"\u262e\ufe0f\"> Und so &#8222;ganz nebenbei&#8220; auch Preise gewinnen.<img loading=\"lazy\" decoding=\"async\" width=\"16\" height=\"16\" src=\"https:\/\/static.xx.fbcdn.net\/images\/emoji.php\/v9\/t53\/1\/16\/1f605.png\" alt=\"\ud83d\ude05\"><img loading=\"lazy\" decoding=\"async\" width=\"16\" height=\"16\" src=\"https:\/\/static.xx.fbcdn.net\/images\/emoji.php\/v9\/t51\/1\/16\/1f449.png\" alt=\"\ud83d\udc49\"><img loading=\"lazy\" decoding=\"async\" width=\"16\" height=\"16\" src=\"https:\/\/static.xx.fbcdn.net\/images\/emoji.php\/v9\/t51\/1\/16\/1f449.png\" alt=\"\ud83d\udc49\">Wie zum Beispiel gestern Lily Hofmann aus unserer 6. Klasse! <img loading=\"lazy\" decoding=\"async\" width=\"16\" height=\"16\" src=\"https:\/\/static.xx.fbcdn.net\/images\/emoji.php\/v9\/t6c\/1\/16\/2764.png\" alt=\"\u2764\ufe0f\">liche GRATULATION zu deinem 1. Preis beim <a href=\"https:\/\/www.facebook.com\/spsc2018\/?__cft__[0]=AZUMyYpHhs0Bim8_Cfpy0pvasfhzwDiGflUaku0xzkT4_dbsUNyftfYgaIlkdasNGoz4gDf8ZG4wIial8RTBfIpv0z-xozplSOxwhyIdpBrUdv5e7NaBlHEdFzRUJlfddlmanMgsnaCIfCzS-3T4ErcKn8J5s5ycxYmtmkrrF5BIib2oKPoRSjqQW8F1uzNPNBU&amp;__tn__=kK-R\">Salzburg Peace Song Contest<\/a>!! Wow!! Wir sind begeistert und sehr stolz auf dich!<img loading=\"lazy\" decoding=\"async\" width=\"16\" height=\"16\" src=\"https:\/\/static.xx.fbcdn.net\/images\/emoji.php\/v9\/t71\/1\/16\/1f339.png\" alt=\"\ud83c\udf39\"> Mach weiter so!<img loading=\"lazy\" decoding=\"async\" width=\"16\" height=\"16\" src=\"https:\/\/static.xx.fbcdn.net\/images\/emoji.php\/v9\/t60\/1\/16\/1f51d.png\" alt=\"\ud83d\udd1d\"><img loading=\"lazy\" decoding=\"async\" width=\"16\" height=\"16\" src=\"https:\/\/static.xx.fbcdn.net\/images\/emoji.php\/v9\/t9e\/1\/16\/1f3b5.png\" alt=\"\ud83c\udfb5\"><img loading=\"lazy\" decoding=\"async\" width=\"16\" height=\"16\" src=\"https:\/\/static.xx.fbcdn.net\/images\/emoji.php\/v9\/t7e\/1\/16\/1f3a4.png\" alt=\"\ud83c\udfa4\"><img loading=\"lazy\" decoding=\"async\" width=\"16\" height=\"16\" src=\"https:\/\/static.xx.fbcdn.net\/images\/emoji.php\/v9\/t21\/1\/16\/1f3b8.png\" alt=\"\ud83c\udfb8\"><img loading=\"lazy\" decoding=\"async\" width=\"16\" height=\"16\" src=\"https:\/\/static.xx.fbcdn.net\/images\/emoji.php\/v9\/t38\/1\/16\/1f918.png\" alt=\"\ud83e\udd18\"><\/p>\n\n\n\n<figure class=\"wp-block-image size-full\"><img loading=\"lazy\" decoding=\"async\" width=\"526\" height=\"526\" src=\"https:\/\/www.borg-gastein.salzburg.at\/plo\/wp-content\/uploads\/2022\/05\/image-13.jpeg\" alt=\"\" class=\"wp-image-676\" srcset=\"https:\/\/www.borg-gastein.salzburg.at\/plo\/wp-content\/uploads\/2022\/05\/image-13.jpeg 526w, https:\/\/www.borg-gastein.salzburg.at\/plo\/wp-content\/uploads\/2022\/05\/image-13-300x300.jpeg 300w, https:\/\/www.borg-gastein.salzburg.at\/plo\/wp-content\/uploads\/2022\/05\/image-13-150x150.jpeg 150w\" sizes=\"auto, (max-width: 526px) 100vw, 526px\" \/><\/figure>\n\n\n\n<p>__________________________________________________________________________________________________<\/p>\n\n\n\n<h3 class=\"wp-block-heading\">Dezember 2018<\/h3>\n\n\n\n<p>Unsere M\u00e4dels aus der 6. Klasse flei\u00dfig beim &#8222;Falceas-Projekt&#8220; von <a href=\"https:\/\/www.facebook.com\/Falcogoesschool\/?__cft__[0]=AZVy0tXTorPQ6EdH_zZ6hcYIq5N21YodCA4_-sdyewZcs7C_gyTY6Bt4BFfFF3iu7uush9CqBKXbkrbelKKVEqlM4LNxbYB2JxwOBOUFvz-S2fIgjfRse3R3MXulCbHdKhfavLgXVQWWL9dJySiSC9Q5mYY8q2tkpYsDwLoeS76SqA&amp;__tn__=kK-R\">Helden von heute &#8211; Falco goes school<\/a>: Songwriting-Workshop in Graz mit <a href=\"https:\/\/www.facebook.com\/thomasdavidmusic?__cft__[0]=AZVy0tXTorPQ6EdH_zZ6hcYIq5N21YodCA4_-sdyewZcs7C_gyTY6Bt4BFfFF3iu7uush9CqBKXbkrbelKKVEqlM4LNxbYB2JxwOBOUFvz-S2fIgjfRse3R3MXulCbHdKhfavLgXVQWWL9dJySiSC9Q5mYY8q2tkpYsDwLoeS76SqA&amp;__tn__=-]K-R\">Thomas David<\/a>. Ihr k\u00f6nnt gespannt sein, was es hier noch zu berichten gibt &#8230; <img loading=\"lazy\" decoding=\"async\" width=\"16\" height=\"16\" src=\"https:\/\/static.xx.fbcdn.net\/images\/emoji.php\/v9\/t7f\/1\/16\/1f60a.png\" alt=\"\ud83d\ude0a\"><img loading=\"lazy\" decoding=\"async\" width=\"16\" height=\"16\" src=\"https:\/\/static.xx.fbcdn.net\/images\/emoji.php\/v9\/t83\/1\/16\/1f60e.png\" alt=\"\ud83d\ude0e\"><img loading=\"lazy\" decoding=\"async\" width=\"16\" height=\"16\" src=\"https:\/\/static.xx.fbcdn.net\/images\/emoji.php\/v9\/t9e\/1\/16\/1f3b5.png\" alt=\"\ud83c\udfb5\"><\/p>\n\n\n\n<figure class=\"wp-block-image size-medium\"><img loading=\"lazy\" decoding=\"async\" width=\"300\" height=\"200\" src=\"https:\/\/www.borg-gastein.salzburg.at\/plo\/wp-content\/uploads\/2022\/05\/image-14-300x200.jpeg\" alt=\"\" class=\"wp-image-679\" srcset=\"https:\/\/www.borg-gastein.salzburg.at\/plo\/wp-content\/uploads\/2022\/05\/image-14-300x200.jpeg 300w, https:\/\/www.borg-gastein.salzburg.at\/plo\/wp-content\/uploads\/2022\/05\/image-14-1024x683.jpeg 1024w, https:\/\/www.borg-gastein.salzburg.at\/plo\/wp-content\/uploads\/2022\/05\/image-14-768x512.jpeg 768w, https:\/\/www.borg-gastein.salzburg.at\/plo\/wp-content\/uploads\/2022\/05\/image-14-1536x1024.jpeg 1536w, https:\/\/www.borg-gastein.salzburg.at\/plo\/wp-content\/uploads\/2022\/05\/image-14.jpeg 2048w\" sizes=\"auto, (max-width: 300px) 100vw, 300px\" \/><\/figure>\n\n\n\n<figure class=\"wp-block-image size-medium\"><img loading=\"lazy\" decoding=\"async\" width=\"300\" height=\"200\" src=\"https:\/\/www.borg-gastein.salzburg.at\/plo\/wp-content\/uploads\/2022\/05\/image-15-300x200.jpeg\" alt=\"\" class=\"wp-image-680\" srcset=\"https:\/\/www.borg-gastein.salzburg.at\/plo\/wp-content\/uploads\/2022\/05\/image-15-300x200.jpeg 300w, https:\/\/www.borg-gastein.salzburg.at\/plo\/wp-content\/uploads\/2022\/05\/image-15-1024x683.jpeg 1024w, https:\/\/www.borg-gastein.salzburg.at\/plo\/wp-content\/uploads\/2022\/05\/image-15-768x512.jpeg 768w, https:\/\/www.borg-gastein.salzburg.at\/plo\/wp-content\/uploads\/2022\/05\/image-15-1536x1024.jpeg 1536w, https:\/\/www.borg-gastein.salzburg.at\/plo\/wp-content\/uploads\/2022\/05\/image-15.jpeg 2048w\" sizes=\"auto, (max-width: 300px) 100vw, 300px\" \/><\/figure>\n\n\n\n<p>__________________________________________________________________________________________________<\/p>\n\n\n\n<h3 class=\"wp-block-heading\">Dezember 2018<\/h3>\n\n\n\n<p>Impressionen unseres heutigen Probentags im Gro\u00dfen Studio der <a href=\"https:\/\/www.facebook.com\/UniMozarteumSalzburg\/?__cft__[0]=AZUB5S3MMQ1tNqdhtpdGSHceeOkd7paSfea7pblldhzLB3fHlJQkk7Rtx-RvtvGByzLLf_EjDpm9kJAz5jgcGgSlLAMoBrvK0xuhctlnGo8f6J4hB9zMPAHAXmAK1TgPWd7SVdh6CptYmPhf271iy6jc&amp;__tn__=kK-R\">Universit\u00e4t Mozarteum Salzburg<\/a> f\u00fcr unsere &#8222;Stille-Nacht-Performance&#8220;. Unser Jahresprojekt neigt sich dem Ende zu. Die Sch\u00fclerInnen haben sehr viele Aufgaben selbst \u00fcbernommen (Regie, Technik etc.) Wir freuen uns auf euer Kommen morgen, 18.12., um 17:00<img loading=\"lazy\" decoding=\"async\" width=\"16\" height=\"16\" src=\"https:\/\/static.xx.fbcdn.net\/images\/emoji.php\/v9\/tfb\/1\/16\/263a.png\" alt=\"\u263a\ufe0f\">!<\/p>\n\n\n\n<figure class=\"wp-block-image size-full\"><img loading=\"lazy\" decoding=\"async\" width=\"960\" height=\"640\" src=\"https:\/\/www.borg-gastein.salzburg.at\/plo\/wp-content\/uploads\/2022\/05\/image-16.jpeg\" alt=\"\" class=\"wp-image-684\" srcset=\"https:\/\/www.borg-gastein.salzburg.at\/plo\/wp-content\/uploads\/2022\/05\/image-16.jpeg 960w, https:\/\/www.borg-gastein.salzburg.at\/plo\/wp-content\/uploads\/2022\/05\/image-16-300x200.jpeg 300w, https:\/\/www.borg-gastein.salzburg.at\/plo\/wp-content\/uploads\/2022\/05\/image-16-768x512.jpeg 768w\" sizes=\"auto, (max-width: 960px) 100vw, 960px\" \/><\/figure>\n\n\n\n<p>__________________________________________________________________________________________________<\/p>\n\n\n\n<h3 class=\"wp-block-heading\">Dezember 2018<\/h3>\n\n\n\n<p>TITELSEITE<img loading=\"lazy\" decoding=\"async\" width=\"16\" height=\"16\" src=\"https:\/\/static.xx.fbcdn.net\/images\/emoji.php\/v9\/t8e\/1\/16\/1f5de.png\" alt=\"\ud83d\uddde\"><img loading=\"lazy\" decoding=\"async\" width=\"16\" height=\"16\" src=\"https:\/\/static.xx.fbcdn.net\/images\/emoji.php\/v9\/t4b\/1\/16\/1f448_1f3fb.png\" alt=\"\ud83d\udc48\ud83c\udffb\"> &#8222;Sch\u00fcler fordern: &#8218;Nie mehr Krieg&#8216;!<\/p>\n\n\n\n<p> &#8220; Vielen <img loading=\"lazy\" decoding=\"async\" width=\"16\" height=\"16\" src=\"https:\/\/static.xx.fbcdn.net\/images\/emoji.php\/v9\/t6c\/1\/16\/2764.png\" alt=\"\u2764\ufe0f\">lichen Dank an <a href=\"https:\/\/www.facebook.com\/Pongau.MeinBezirk.at\/?__cft__[0]=AZUA3TR6mXD2dRdhfkkyycjDCJ5CpknE0U-43zJ06aLMMt4Yvw2VO9j2HVZ1q9nHXwiigzrGAB78ltvA54F0_kMAamZjKHMLiJo2IbGJPpA8W_hjVJIwVrs77vb7FLnswCSFvDWuF7ZX7-Hbt6V8HXEH&amp;__tn__=kK-R\">Bezirksbl\u00e4tter Pongau<\/a> f\u00fcr diese gro\u00dfe Ehre und f\u00fcr den sch\u00f6nen Bericht im Innenteil! <img loading=\"lazy\" decoding=\"async\" width=\"16\" height=\"16\" src=\"https:\/\/static.xx.fbcdn.net\/images\/emoji.php\/v9\/tfb\/1\/16\/263a.png\" alt=\"\u263a\ufe0f\"><img loading=\"lazy\" decoding=\"async\" width=\"16\" height=\"16\" src=\"https:\/\/static.xx.fbcdn.net\/images\/emoji.php\/v9\/t9e\/1\/16\/1f3b5.png\" alt=\"\ud83c\udfb5\"><img loading=\"lazy\" decoding=\"async\" width=\"16\" height=\"16\" src=\"https:\/\/static.xx.fbcdn.net\/images\/emoji.php\/v9\/tff\/1\/16\/1f3a5.png\" alt=\"\ud83c\udfa5\"><img loading=\"lazy\" decoding=\"async\" width=\"16\" height=\"16\" src=\"https:\/\/static.xx.fbcdn.net\/images\/emoji.php\/v9\/t77\/1\/16\/1f44d_1f3fb.png\" alt=\"\ud83d\udc4d\ud83c\udffb\"> Wir sind wirklich sehr begeistert, dass ihr unsere Freude &#8211; und auch unsere Message &#8211; mit uns teilt! <img loading=\"lazy\" decoding=\"async\" width=\"16\" height=\"16\" src=\"https:\/\/static.xx.fbcdn.net\/images\/emoji.php\/v9\/t60\/1\/16\/262e.png\" alt=\"\u262e\ufe0f\"><img loading=\"lazy\" decoding=\"async\" width=\"16\" height=\"16\" src=\"https:\/\/static.xx.fbcdn.net\/images\/emoji.php\/v9\/t71\/1\/16\/1f339.png\" alt=\"\ud83c\udf39\">Danke! <img loading=\"lazy\" decoding=\"async\" width=\"16\" height=\"16\" src=\"https:\/\/static.xx.fbcdn.net\/images\/emoji.php\/v9\/t7f\/1\/16\/1f60a.png\" alt=\"\ud83d\ude0a\"><img loading=\"lazy\" decoding=\"async\" width=\"16\" height=\"16\" src=\"https:\/\/static.xx.fbcdn.net\/images\/emoji.php\/v9\/t7e\/1\/16\/1f64f_1f3fe.png\" alt=\"\ud83d\ude4f\ud83c\udffe\"><a href=\"https:\/\/www.facebook.com\/hashtag\/rapyoureu4peace?__eep__=6&amp;__cft__[0]=AZUA3TR6mXD2dRdhfkkyycjDCJ5CpknE0U-43zJ06aLMMt4Yvw2VO9j2HVZ1q9nHXwiigzrGAB78ltvA54F0_kMAamZjKHMLiJo2IbGJPpA8W_hjVJIwVrs77vb7FLnswCSFvDWuF7ZX7-Hbt6V8HXEH&amp;__tn__=*NK-R\">#rapyourEU4peace<\/a><a href=\"https:\/\/www.facebook.com\/hashtag\/niewiederkrieg?__eep__=6&amp;__cft__[0]=AZUA3TR6mXD2dRdhfkkyycjDCJ5CpknE0U-43zJ06aLMMt4Yvw2VO9j2HVZ1q9nHXwiigzrGAB78ltvA54F0_kMAamZjKHMLiJo2IbGJPpA8W_hjVJIwVrs77vb7FLnswCSFvDWuF7ZX7-Hbt6V8HXEH&amp;__tn__=*NK-R\">#niewiederkrieg<\/a><\/p>\n\n\n\n<figure class=\"wp-block-image size-full\"><img loading=\"lazy\" decoding=\"async\" width=\"960\" height=\"646\" src=\"https:\/\/www.borg-gastein.salzburg.at\/plo\/wp-content\/uploads\/2022\/05\/image-17.jpeg\" alt=\"\" class=\"wp-image-685\" srcset=\"https:\/\/www.borg-gastein.salzburg.at\/plo\/wp-content\/uploads\/2022\/05\/image-17.jpeg 960w, https:\/\/www.borg-gastein.salzburg.at\/plo\/wp-content\/uploads\/2022\/05\/image-17-300x202.jpeg 300w, https:\/\/www.borg-gastein.salzburg.at\/plo\/wp-content\/uploads\/2022\/05\/image-17-768x517.jpeg 768w\" sizes=\"auto, (max-width: 960px) 100vw, 960px\" \/><\/figure>\n\n\n\n<p>__________________________________________________________________________________________________<\/p>\n\n\n\n<h3 class=\"wp-block-heading\">November 2018<\/h3>\n\n\n\n<p>GEWONNEN!!!!! <img loading=\"lazy\" decoding=\"async\" width=\"16\" height=\"16\" src=\"https:\/\/static.xx.fbcdn.net\/images\/emoji.php\/v9\/tbe\/1\/16\/1f3c6.png\" alt=\"\ud83c\udfc6\"><img loading=\"lazy\" decoding=\"async\" width=\"16\" height=\"16\" src=\"https:\/\/static.xx.fbcdn.net\/images\/emoji.php\/v9\/tbe\/1\/16\/1f3c6.png\" alt=\"\ud83c\udfc6\"><img loading=\"lazy\" decoding=\"async\" width=\"16\" height=\"16\" src=\"https:\/\/static.xx.fbcdn.net\/images\/emoji.php\/v9\/tbe\/1\/16\/1f3c6.png\" alt=\"\ud83c\udfc6\"><img loading=\"lazy\" decoding=\"async\" width=\"16\" height=\"16\" src=\"https:\/\/static.xx.fbcdn.net\/images\/emoji.php\/v9\/t60\/1\/16\/262e.png\" alt=\"\u262e\ufe0f\">&#8222;Nie wieder Krieg&#8220; <img loading=\"lazy\" decoding=\"async\" width=\"16\" height=\"16\" src=\"https:\/\/static.xx.fbcdn.net\/images\/emoji.php\/v9\/t60\/1\/16\/262e.png\" alt=\"\u262e\ufe0f\"> hat beim Wettbewerb <a href=\"https:\/\/www.facebook.com\/hashtag\/rapyoureu4peace?__eep__=6&amp;__cft__[0]=AZURb52ZU4tvSwSVdi372qoTXCe-KJWZSqO5LjSepkgf-VxVVSQGNTlH0Tbm3DJVKaME2qV-17oUXTQ8mc7Ys0Tf0ngHFx8ErZiC8bSLKTCaZF3qBYFETCGeZj_XULOMu2kzj2YkRr8ilzR5wWsMiABA&amp;__tn__=*NK-R\">#rapyourEU4peace<\/a> vor wenigen Minuten den 1. Preis von Hr. Landeshauptmann Dr. Wilfried Haslauer \u00fcberreicht bekommen! <img loading=\"lazy\" decoding=\"async\" width=\"16\" height=\"16\" src=\"https:\/\/static.xx.fbcdn.net\/images\/emoji.php\/v9\/t77\/1\/16\/1f44d_1f3fb.png\" alt=\"\ud83d\udc4d\ud83c\udffb\"><img loading=\"lazy\" decoding=\"async\" width=\"16\" height=\"16\" src=\"https:\/\/static.xx.fbcdn.net\/images\/emoji.php\/v9\/t71\/1\/16\/1f339.png\" alt=\"\ud83c\udf39\">HERZLICHEN GL\u00dcCKWUNSCH <img loading=\"lazy\" decoding=\"async\" width=\"16\" height=\"16\" src=\"https:\/\/static.xx.fbcdn.net\/images\/emoji.php\/v9\/tc\/1\/16\/1f449_1f3fb.png\" alt=\"\ud83d\udc49\ud83c\udffb\">den beteiligten Sch\u00fcler*innen<img loading=\"lazy\" decoding=\"async\" width=\"16\" height=\"16\" src=\"https:\/\/static.xx.fbcdn.net\/images\/emoji.php\/v9\/t60\/1\/16\/1f51d.png\" alt=\"\ud83d\udd1d\"><img loading=\"lazy\" decoding=\"async\" width=\"16\" height=\"16\" src=\"https:\/\/static.xx.fbcdn.net\/images\/emoji.php\/v9\/t4b\/1\/16\/1f448_1f3fb.png\" alt=\"\ud83d\udc48\ud83c\udffb\"> aus <img loading=\"lazy\" decoding=\"async\" width=\"16\" height=\"16\" src=\"https:\/\/static.xx.fbcdn.net\/images\/emoji.php\/v9\/tff\/1\/16\/1f3a5.png\" alt=\"\ud83c\udfa5\">MMA, <img loading=\"lazy\" decoding=\"async\" width=\"16\" height=\"16\" src=\"https:\/\/static.xx.fbcdn.net\/images\/emoji.php\/v9\/t21\/1\/16\/1f3b8.png\" alt=\"\ud83c\udfb8\">Schulband, <img loading=\"lazy\" decoding=\"async\" width=\"16\" height=\"16\" src=\"https:\/\/static.xx.fbcdn.net\/images\/emoji.php\/v9\/t1\/1\/16\/1f3a7.png\" alt=\"\ud83c\udfa7\">Tontechnik, <img loading=\"lazy\" decoding=\"async\" width=\"16\" height=\"16\" src=\"https:\/\/static.xx.fbcdn.net\/images\/emoji.php\/v9\/t7e\/1\/16\/1f3a4.png\" alt=\"\ud83c\udfa4\">Chor. Und ganz besonders den Projektleitern Hr. Prof. <a href=\"https:\/\/www.facebook.com\/profile.php?id=100005376002633&amp;__cft__[0]=AZURb52ZU4tvSwSVdi372qoTXCe-KJWZSqO5LjSepkgf-VxVVSQGNTlH0Tbm3DJVKaME2qV-17oUXTQ8mc7Ys0Tf0ngHFx8ErZiC8bSLKTCaZF3qBYFETCGeZj_XULOMu2kzj2YkRr8ilzR5wWsMiABA&amp;__tn__=-]K-R\">Christoph Plohovich<\/a><img loading=\"lazy\" decoding=\"async\" width=\"16\" height=\"16\" src=\"https:\/\/static.xx.fbcdn.net\/images\/emoji.php\/v9\/t94\/1\/16\/1f49a.png\" alt=\"\ud83d\udc9a\"> &amp; Hr. Prof. Johann \u00d6ttl<img loading=\"lazy\" decoding=\"async\" width=\"16\" height=\"16\" src=\"https:\/\/static.xx.fbcdn.net\/images\/emoji.php\/v9\/t6c\/1\/16\/1f499.png\" alt=\"\ud83d\udc99\">!!!! Wir sind \u00fcberw\u00e4ltigt&#8230;.und sooooo stolz auf euch!!! <img loading=\"lazy\" decoding=\"async\" width=\"16\" height=\"16\" src=\"https:\/\/static.xx.fbcdn.net\/images\/emoji.php\/v9\/t8c\/1\/16\/1f389.png\" alt=\"\ud83c\udf89\"><img loading=\"lazy\" decoding=\"async\" width=\"16\" height=\"16\" src=\"https:\/\/static.xx.fbcdn.net\/images\/emoji.php\/v9\/tb\/1\/16\/1f388.png\" alt=\"\ud83c\udf88\"><img loading=\"lazy\" decoding=\"async\" width=\"16\" height=\"16\" src=\"https:\/\/static.xx.fbcdn.net\/images\/emoji.php\/v9\/tb4\/1\/16\/1f38a.png\" alt=\"\ud83c\udf8a\"><img loading=\"lazy\" decoding=\"async\" width=\"16\" height=\"16\" src=\"https:\/\/static.xx.fbcdn.net\/images\/emoji.php\/v9\/t5\/1\/16\/1f382.png\" alt=\"\ud83c\udf82\"><img loading=\"lazy\" decoding=\"async\" width=\"16\" height=\"16\" src=\"https:\/\/static.xx.fbcdn.net\/images\/emoji.php\/v9\/t2\/1\/16\/1f483_1f3fb.png\" alt=\"\ud83d\udc83\ud83c\udffb\"><img loading=\"lazy\" decoding=\"async\" width=\"16\" height=\"16\" src=\"https:\/\/static.xx.fbcdn.net\/images\/emoji.php\/v9\/t97\/1\/16\/1f57a.png\" alt=\"\ud83d\udd7a\"><img loading=\"lazy\" decoding=\"async\" width=\"16\" height=\"16\" src=\"https:\/\/static.xx.fbcdn.net\/images\/emoji.php\/v9\/tb4\/1\/16\/2b50.png\" alt=\"\u2b50\ufe0f\"><img loading=\"lazy\" decoding=\"async\" width=\"16\" height=\"16\" src=\"https:\/\/static.xx.fbcdn.net\/images\/emoji.php\/v9\/t94\/1\/16\/1f947.png\" alt=\"\ud83e\udd47\"><img loading=\"lazy\" decoding=\"async\" width=\"16\" height=\"16\" src=\"https:\/\/static.xx.fbcdn.net\/images\/emoji.php\/v9\/t60\/1\/16\/1f51d.png\" alt=\"\ud83d\udd1d\">Das kann herauskommen, wenn alle zusammenarbeiten und zusammenhalten &#8211; der echte BORG-Spirit!<img loading=\"lazy\" decoding=\"async\" width=\"16\" height=\"16\" src=\"https:\/\/static.xx.fbcdn.net\/images\/emoji.php\/v9\/t7f\/1\/16\/1f60a.png\" alt=\"\ud83d\ude0a\"><img loading=\"lazy\" decoding=\"async\" width=\"16\" height=\"16\" src=\"https:\/\/static.xx.fbcdn.net\/images\/emoji.php\/v9\/t71\/1\/16\/1f339.png\" alt=\"\ud83c\udf39\">Vielen, vielen Dank an die Stabsstelle EU-B\u00fcrgerservice und an Europe Direct Land Salzburg f\u00fcr diese besondere Auszeichnung <img loading=\"lazy\" decoding=\"async\" width=\"16\" height=\"16\" src=\"https:\/\/static.xx.fbcdn.net\/images\/emoji.php\/v9\/t7e\/1\/16\/1f64f_1f3fe.png\" alt=\"\ud83d\ude4f\ud83c\udffe\"><\/p>\n\n\n\n<figure class=\"wp-block-image size-full\"><img loading=\"lazy\" decoding=\"async\" width=\"600\" height=\"368\" src=\"https:\/\/www.borg-gastein.salzburg.at\/plo\/wp-content\/uploads\/2022\/05\/image-18.jpeg\" alt=\"\" class=\"wp-image-686\" srcset=\"https:\/\/www.borg-gastein.salzburg.at\/plo\/wp-content\/uploads\/2022\/05\/image-18.jpeg 600w, https:\/\/www.borg-gastein.salzburg.at\/plo\/wp-content\/uploads\/2022\/05\/image-18-300x184.jpeg 300w\" sizes=\"auto, (max-width: 600px) 100vw, 600px\" \/><\/figure>\n\n\n\n<figure class=\"wp-block-embed is-type-video is-provider-youtube wp-block-embed-youtube wp-embed-aspect-16-9 wp-has-aspect-ratio\"><div class=\"wp-block-embed__wrapper\">\n<iframe loading=\"lazy\" title=\"#rapyoureu4peace | niewiederkrieg | BORG-Gastein |\" width=\"640\" height=\"360\" src=\"https:\/\/www.youtube.com\/embed\/733cIEdQqVA?feature=oembed\" frameborder=\"0\" allow=\"accelerometer; autoplay; clipboard-write; encrypted-media; gyroscope; picture-in-picture; web-share\" referrerpolicy=\"strict-origin-when-cross-origin\" allowfullscreen><\/iframe>\n<\/div><\/figure>\n\n\n\n<p>__________________________________________________________________________________________________<\/p>\n\n\n\n<h3 class=\"wp-block-heading\">August 2018<\/h3>\n\n\n\n<p>Hier das Video vom &#8222;Tag der kulturellen Bildung&#8220; (24.05.), an dem wir mit vielen anderen Schulen den Salzburger Festspielbezirk unsicher gemacht haben. (Veranstaltet vom Landesschulrat Salzburg und der Kulturabteilung des Landes Salzburg unter der Leitung von FI Prof. Christa Musger und Dr. Maria Honsig-Erlenburg.) Auch die Politik war vertreten: Landesr\u00e4te <a href=\"https:\/\/www.facebook.com\/heinrichschellhorn?__cft__[0]=AZUWziJJUSYy8aFkL5EjUx0Th-Oo4uPaUrAgU05eQYXnhcfmHh7IboYlFyssG616b1VF218Ht-BPPulldEeYXZDKesR2zeHGcYSic7FarJelVaqjvBGI4ot0i47QFmdm7t8wkVEDw_Es6FldLexVyK7c&amp;__tn__=-]K-R\">Heinrich Schellhorn<\/a> und <a href=\"https:\/\/www.facebook.com\/brigitta.pallauf?__cft__[0]=AZUWziJJUSYy8aFkL5EjUx0Th-Oo4uPaUrAgU05eQYXnhcfmHh7IboYlFyssG616b1VF218Ht-BPPulldEeYXZDKesR2zeHGcYSic7FarJelVaqjvBGI4ot0i47QFmdm7t8wkVEDw_Es6FldLexVyK7c&amp;__tn__=-]K-R\">Brigitta Pallauf<\/a> in Vertretung des Landeshauptmanns <a href=\"https:\/\/www.facebook.com\/Wilfried.Haslauer?__cft__[0]=AZUWziJJUSYy8aFkL5EjUx0Th-Oo4uPaUrAgU05eQYXnhcfmHh7IboYlFyssG616b1VF218Ht-BPPulldEeYXZDKesR2zeHGcYSic7FarJelVaqjvBGI4ot0i47QFmdm7t8wkVEDw_Es6FldLexVyK7c&amp;__tn__=-]K-R\">Wilfried Haslauer<\/a>. Und am Allerwichtigsten &#8211;  unsere vielen musisch-kreativen K\u00f6pfe aller Abteilungen! Mit \u00fcber 70 Sch\u00fclerInnen sind wir in zwei Bussen angereist: Multimedia Art (Christoph Plohovich), Bildnerische Erziehung (Andreas Prause), Stomp (Klaus Sauli), Sch\u00fclerbands (Johann \u00d6ttl) sowie S\u00e4ngerInnen (Magdalena Faltin, Elisabeth Wieland).<\/p>\n\n\n\n<figure class=\"wp-block-embed is-type-video is-provider-youtube wp-block-embed-youtube wp-embed-aspect-16-9 wp-has-aspect-ratio\"><div class=\"wp-block-embed__wrapper\">\n<iframe loading=\"lazy\" title=\"Tag der kulturellen Bildung in Salzburg\" width=\"640\" height=\"360\" src=\"https:\/\/www.youtube.com\/embed\/HsrnMizm1f0?feature=oembed\" frameborder=\"0\" allow=\"accelerometer; autoplay; clipboard-write; encrypted-media; gyroscope; picture-in-picture; web-share\" referrerpolicy=\"strict-origin-when-cross-origin\" allowfullscreen><\/iframe>\n<\/div><\/figure>\n\n\n\n<p>__________________________________________________________________________________________________<\/p>\n\n\n\n<h3 class=\"wp-block-heading\">August 2018<\/h3>\n\n\n\n<p>Hier k\u00f6nnt ihr unseren ganzen Auftritt im Republic beim &#8222;Fest des Lebens&#8220; des Vereins Viva la Vida vom 14.04. nachsehen. 71 T\u00e4nzerinnen, S\u00e4ngerInnen und MMA-Sch\u00fcler unter der Leitung von Christoph Plohovich, Natalia Petrova, Maggie Faltin und Elisabeth Wieland traten zugunsten der HIV- und Krebshilfe auf. Viele namhafte K\u00fcnstler, wie z.B. Rusty, waren ebenso dabei wie auch hohe Politiker, u. a. Hr. Vizeb\u00fcrgermeister <a href=\"https:\/\/www.facebook.com\/bernhard.auinger.salzburg?__cft__[0]=AZVeBZLEgXOZB5sCTsmG7Y8B1RbA72zq5v2E_a3KtV_aBJt4TRpi50Tbi78trrp1BK6BHU0ZHw6bbKtFslMVxvaYeeycNjaYb-llKfyHuB33twEAqlpBBmOitdlC43XjKEqDj8IkYFbNhzgjEeT8-8Nf&amp;__tn__=-]K-R\">Bernhard Auinger<\/a>.<\/p>\n\n\n\n<figure class=\"wp-block-embed is-type-video is-provider-youtube wp-block-embed-youtube wp-embed-aspect-16-9 wp-has-aspect-ratio\"><div class=\"wp-block-embed__wrapper\">\n<iframe loading=\"lazy\" title=\"Das &quot;Fest des Lebens&quot; mit dem BORG-Gastein\" width=\"640\" height=\"360\" src=\"https:\/\/www.youtube.com\/embed\/wRmIVH4ep-s?feature=oembed\" frameborder=\"0\" allow=\"accelerometer; autoplay; clipboard-write; encrypted-media; gyroscope; picture-in-picture; web-share\" referrerpolicy=\"strict-origin-when-cross-origin\" allowfullscreen><\/iframe>\n<\/div><\/figure>\n\n\n\n<p>__________________________________________________________________________________________________<\/p>\n\n\n\n<h3 class=\"wp-block-heading\">Juni 2018<\/h3>\n\n\n\n<p>Juhuuuuuu!!! <img loading=\"lazy\" decoding=\"async\" width=\"16\" height=\"16\" src=\"https:\/\/static.xx.fbcdn.net\/images\/emoji.php\/v9\/t3d\/1\/16\/1f3c5.png\" alt=\"\ud83c\udfc5\"><img loading=\"lazy\" decoding=\"async\" width=\"16\" height=\"16\" src=\"https:\/\/static.xx.fbcdn.net\/images\/emoji.php\/v9\/t3d\/1\/16\/1f3c5.png\" alt=\"\ud83c\udfc5\"><img loading=\"lazy\" decoding=\"async\" width=\"16\" height=\"16\" src=\"https:\/\/static.xx.fbcdn.net\/images\/emoji.php\/v9\/t3d\/1\/16\/1f3c5.png\" alt=\"\ud83c\udfc5\">Die Eigenkomposition von Sarah Brandauer &#8222;Sieh mich nur an&#8220; hat den Sonderpreis in der Kategorie <img loading=\"lazy\" decoding=\"async\" width=\"16\" height=\"16\" src=\"https:\/\/static.xx.fbcdn.net\/images\/emoji.php\/v9\/tc\/1\/16\/1f449_1f3fb.png\" alt=\"\ud83d\udc49\ud83c\udffb\">BESTES KREATIVES VIDEO<img loading=\"lazy\" decoding=\"async\" width=\"16\" height=\"16\" src=\"https:\/\/static.xx.fbcdn.net\/images\/emoji.php\/v9\/t4b\/1\/16\/1f448_1f3fb.png\" alt=\"\ud83d\udc48\ud83c\udffb\"> bei <a href=\"https:\/\/www.facebook.com\/Falcogoesschool\/?__cft__[0]=AZU18fcH71D_blWZz8npzx7iOUbTDpUfOjShPJSy4qqgvc5cdRtsTVX9is-kd6tzrq3eaXfcb7y3_Zo5fcHSLt7Uyoei8BfFvX07p5K2u0OsWFQeNe8-j2MWRBIrxdfNMxoJDeVZAkhK6IomNo0AgHiz&amp;__tn__=kK-R\">Helden von heute &#8211; Falco goes school<\/a> gewonnen!!! Wir gratulieren ihr und ihrer Lehrerin Prof. Maggie Faltin sehr herzlich und sind &#8222;irre&#8220; stolz! <img loading=\"lazy\" decoding=\"async\" width=\"16\" height=\"16\" src=\"https:\/\/static.xx.fbcdn.net\/images\/emoji.php\/v9\/t7f\/1\/16\/1f60a.png\" alt=\"\ud83d\ude0a\"> Ganz besonders auch auf das Multimedia-Art-Team unter der Leitung von Prof. Christoph Plohovich &#8230; <img loading=\"lazy\" decoding=\"async\" width=\"16\" height=\"16\" src=\"https:\/\/static.xx.fbcdn.net\/images\/emoji.php\/v9\/t2d\/1\/16\/1f3ac.png\" alt=\"\ud83c\udfac\"><img loading=\"lazy\" decoding=\"async\" width=\"16\" height=\"16\" src=\"https:\/\/static.xx.fbcdn.net\/images\/emoji.php\/v9\/tff\/1\/16\/1f3a5.png\" alt=\"\ud83c\udfa5\">Ihr seid einfach die Besten! <img loading=\"lazy\" decoding=\"async\" width=\"16\" height=\"16\" src=\"https:\/\/static.xx.fbcdn.net\/images\/emoji.php\/v9\/t71\/1\/16\/1f339.png\" alt=\"\ud83c\udf39\"><\/p>\n\n\n\n<figure class=\"wp-block-embed is-type-video is-provider-youtube wp-block-embed-youtube wp-embed-aspect-16-9 wp-has-aspect-ratio\"><div class=\"wp-block-embed__wrapper\">\n<iframe loading=\"lazy\" title=\"Sieh mich nur an - Sarah Brandauer \/ BORG Gastein Falco goes School Wettbewerbsvideo\" width=\"640\" height=\"360\" src=\"https:\/\/www.youtube.com\/embed\/LRNhZazYob4?feature=oembed\" frameborder=\"0\" allow=\"accelerometer; autoplay; clipboard-write; encrypted-media; gyroscope; picture-in-picture; web-share\" referrerpolicy=\"strict-origin-when-cross-origin\" allowfullscreen><\/iframe>\n<\/div><\/figure>\n\n\n\n<p>__________________________________________________________________________________________________<\/p>\n\n\n\n<p><\/p>\n","protected":false},"excerpt":{"rendered":"<p>2022 April 2022 Herzliche Gratulation unseren T\u00e4nzerInnen! Mit insgesamt 9 (!) Nummern haben sie sich<\/p>\n","protected":false},"author":1,"featured_media":0,"parent":0,"menu_order":0,"comment_status":"closed","ping_status":"closed","template":"","meta":{"footnotes":""},"class_list":["post-529","page","type-page","status-publish","hentry"],"_links":{"self":[{"href":"https:\/\/www.borg-gastein.salzburg.at\/plo\/wp-json\/wp\/v2\/pages\/529","targetHints":{"allow":["GET"]}}],"collection":[{"href":"https:\/\/www.borg-gastein.salzburg.at\/plo\/wp-json\/wp\/v2\/pages"}],"about":[{"href":"https:\/\/www.borg-gastein.salzburg.at\/plo\/wp-json\/wp\/v2\/types\/page"}],"author":[{"embeddable":true,"href":"https:\/\/www.borg-gastein.salzburg.at\/plo\/wp-json\/wp\/v2\/users\/1"}],"replies":[{"embeddable":true,"href":"https:\/\/www.borg-gastein.salzburg.at\/plo\/wp-json\/wp\/v2\/comments?post=529"}],"version-history":[{"count":173,"href":"https:\/\/www.borg-gastein.salzburg.at\/plo\/wp-json\/wp\/v2\/pages\/529\/revisions"}],"predecessor-version":[{"id":883,"href":"https:\/\/www.borg-gastein.salzburg.at\/plo\/wp-json\/wp\/v2\/pages\/529\/revisions\/883"}],"wp:attachment":[{"href":"https:\/\/www.borg-gastein.salzburg.at\/plo\/wp-json\/wp\/v2\/media?parent=529"}],"curies":[{"name":"wp","href":"https:\/\/api.w.org\/{rel}","templated":true}]}}